{"id":4969,"date":"2025-02-11T11:46:59","date_gmt":"2025-02-11T10:46:59","guid":{"rendered":"https:\/\/www.normisjon.no\/ostfold\/?page_id=4969"},"modified":"2025-03-04T08:52:42","modified_gmt":"2025-03-04T07:52:42","slug":"misjonsfest-pa-hannestad","status":"publish","type":"page","link":"https:\/\/www.normisjon.no\/ostfold\/misjonsfest-pa-hannestad\/","title":{"rendered":"Misjonsfest p\u00e5 Hannestad"},"content":{"rendered":"<div class=\"entry-content alignfull wp-block-post-content has-global-padding is-layout-constrained wp-block-post-content-is-layout-constrained\">\n<figure class=\"wp-block-image size-large\"><img loading=\"lazy\" decoding=\"async\" width=\"1024\" height=\"789\" src=\"https:\/\/www.normisjon.no\/content\/uploads\/sites\/24\/2025\/02\/Misjonsfest-2-1024x789.png\" alt=\"\" class=\"wp-image-4970\" srcset=\"https:\/\/www.normisjon.no\/content\/uploads\/sites\/24\/2025\/02\/Misjonsfest-2-1024x789.png 1024w, https:\/\/www.normisjon.no\/content\/uploads\/sites\/24\/2025\/02\/Misjonsfest-2-300x231.png 300w, https:\/\/www.normisjon.no\/content\/uploads\/sites\/24\/2025\/02\/Misjonsfest-2-768x592.png 768w, https:\/\/www.normisjon.no\/content\/uploads\/sites\/24\/2025\/02\/Misjonsfest-2-1536x1184.png 1536w, https:\/\/www.normisjon.no\/content\/uploads\/sites\/24\/2025\/02\/Misjonsfest-2-1360x1048.png 1360w, https:\/\/www.normisjon.no\/content\/uploads\/sites\/24\/2025\/02\/Misjonsfest-2-960x740.png 960w, https:\/\/www.normisjon.no\/content\/uploads\/sites\/24\/2025\/02\/Misjonsfest-2.png 1920w\" sizes=\"auto, (max-width: 1024px) 100vw, 1024px\" \/><\/figure>\n\n\n\n<p>Salen var praktisk talt full p\u00e5 Hannestad Bedehus s\u00f8ndag 2. februar n\u00e5r Misjonsforum \u00d8stfold hadde invitert til Misjonsfest. Hannestad Normisjon var lokalt vertskap og hadde stelt i stand kaffe og kaker i forkant av festen, og kveldsmat til avslutning. Hannestads eget kor \u2013 Jaffa deltok med flott sang. Astrid Bj\u00f8rk Andreassen guidet oss gjennom kvelden, og dagens gjest var Kaja S\u00f8rheim. Hun kunne fortelle b\u00e5de fra oppvekst og fra nylige erfaringer fra Thailand. Kaja hadde sin oppvekst som misjon\u00e6rbarn fordi hennes foreldre var utsendt fra IMI-kirken i Stavanger. Fra 2018 har Thailand v\u00e6rt et misjonsland for hele Normisjon organisasjonen. Dette ble en inspirerende kveld hvor vi fikk et godt innblikk i hva Gud gj\u00f8r, og som vi som organisasjon f\u00e5r v\u00e6re med p\u00e5 spesielt blant barn og unge i Thailand. Stor takk til Kaja, Hannestad og Misjonsforum som gav oss denne festen.<\/p>\n\n\n\n<figure class=\"wp-block-image size-large\"><img loading=\"lazy\" decoding=\"async\" width=\"1024\" height=\"789\" src=\"https:\/\/www.normisjon.no\/content\/uploads\/sites\/24\/2025\/02\/Kaja-og-Frode-1024x789.png\" alt=\"\" class=\"wp-image-4968\" srcset=\"https:\/\/www.normisjon.no\/content\/uploads\/sites\/24\/2025\/02\/Kaja-og-Frode-1024x789.png 1024w, https:\/\/www.normisjon.no\/content\/uploads\/sites\/24\/2025\/02\/Kaja-og-Frode-300x231.png 300w, https:\/\/www.normisjon.no\/content\/uploads\/sites\/24\/2025\/02\/Kaja-og-Frode-768x592.png 768w, https:\/\/www.normisjon.no\/content\/uploads\/sites\/24\/2025\/02\/Kaja-og-Frode-1536x1184.png 1536w, https:\/\/www.normisjon.no\/content\/uploads\/sites\/24\/2025\/02\/Kaja-og-Frode-1360x1048.png 1360w, https:\/\/www.normisjon.no\/content\/uploads\/sites\/24\/2025\/02\/Kaja-og-Frode-960x740.png 960w, https:\/\/www.normisjon.no\/content\/uploads\/sites\/24\/2025\/02\/Kaja-og-Frode.png 1920w\" sizes=\"auto, (max-width: 1024px) 100vw, 1024px\" \/><figcaption class=\"wp-element-caption\">Kaja S\u00f8rheim blir intervjuet av regions styreleder Frode Bilsbak.<\/figcaption><\/figure>\n<\/div>","protected":false},"excerpt":{"rendered":"<p>Salen var praktisk talt full p\u00e5 Hannestad Bedehus s\u00f8ndag 2. februar n\u00e5r Misjonsforum \u00d8stfold hadde invitert til Misjonsfest. Hannestad Normisjon var lokalt vertskap og hadde [&hellip;]<\/p>\n","protected":false},"author":25,"featured_media":4970,"parent":0,"menu_order":0,"comment_status":"closed","ping_status":"closed","template":"","meta":{"_acf_changed":false,"footnotes":""},"class_list":["post-4969","page","type-page","status-publish","has-post-thumbnail","hentry"],"acf":[],"yoast_head":"<!-- This site is optimized with the Yoast SEO plugin v25.9 - https:\/\/yoast.com\/wordpress\/plugins\/seo\/ -->\n<title>Misjonsfest p\u00e5 Hannestad - Region \u00d8stfold<\/title>\n<meta name=\"robots\" content=\"index, follow, max-snippet:-1, max-image-preview:large, max-video-preview:-1\" \/>\n<link rel=\"canonical\" href=\"https:\/\/www.normisjon.no\/ostfold\/misjonsfest-pa-hannestad\/\" \/>\n<meta property=\"og:locale\" content=\"nb_NO\" \/>\n<meta property=\"og:type\" content=\"article\" \/>\n<meta property=\"og:title\" content=\"Misjonsfest p\u00e5 Hannestad - Region \u00d8stfold\" \/>\n<meta property=\"og:description\" content=\"Salen var praktisk talt full p\u00e5 Hannestad Bedehus s\u00f8ndag 2. februar n\u00e5r Misjonsforum \u00d8stfold hadde invitert til Misjonsfest. Hannestad Normisjon var lokalt vertskap og hadde [&hellip;]\" \/>\n<meta property=\"og:url\" content=\"https:\/\/www.normisjon.no\/ostfold\/misjonsfest-pa-hannestad\/\" \/>\n<meta property=\"og:site_name\" content=\"Region \u00d8stfold\" \/>\n<meta property=\"article:publisher\" content=\"https:\/\/www.facebook.com\/NormisjonRegionOstfold\" \/>\n<meta property=\"article:modified_time\" content=\"2025-03-04T07:52:42+00:00\" \/>\n<meta property=\"og:image\" content=\"https:\/\/www.normisjon.no\/content\/uploads\/sites\/24\/2025\/02\/Misjonsfest-2-1024x789.png\" \/>\n\t<meta property=\"og:image:width\" content=\"1024\" \/>\n\t<meta property=\"og:image:height\" content=\"789\" \/>\n\t<meta property=\"og:image:type\" content=\"image\/png\" \/>\n<meta name=\"twitter:card\" content=\"summary_large_image\" \/>\n<meta name=\"twitter:label1\" content=\"Ansl. lesetid\" \/>\n\t<meta name=\"twitter:data1\" content=\"2 minutter\" \/>\n<script type=\"application\/ld+json\" class=\"yoast-schema-graph\">{\"@context\":\"https:\/\/schema.org\",\"@graph\":[{\"@type\":\"WebPage\",\"@id\":\"https:\/\/www.normisjon.no\/ostfold\/misjonsfest-pa-hannestad\/\",\"url\":\"https:\/\/www.normisjon.no\/ostfold\/misjonsfest-pa-hannestad\/\",\"name\":\"Misjonsfest p\u00e5 Hannestad - Region \u00d8stfold\",\"isPartOf\":{\"@id\":\"https:\/\/www.normisjon.no\/ostfold\/#website\"},\"primaryImageOfPage\":{\"@id\":\"https:\/\/www.normisjon.no\/ostfold\/misjonsfest-pa-hannestad\/#primaryimage\"},\"image\":{\"@id\":\"https:\/\/www.normisjon.no\/ostfold\/misjonsfest-pa-hannestad\/#primaryimage\"},\"thumbnailUrl\":\"https:\/\/www.normisjon.no\/content\/uploads\/sites\/24\/2025\/02\/Misjonsfest-2.png\",\"datePublished\":\"2025-02-11T10:46:59+00:00\",\"dateModified\":\"2025-03-04T07:52:42+00:00\",\"breadcrumb\":{\"@id\":\"https:\/\/www.normisjon.no\/ostfold\/misjonsfest-pa-hannestad\/#breadcrumb\"},\"inLanguage\":\"nb-NO\",\"potentialAction\":[{\"@type\":\"ReadAction\",\"target\":[\"https:\/\/www.normisjon.no\/ostfold\/misjonsfest-pa-hannestad\/\"]}]},{\"@type\":\"ImageObject\",\"inLanguage\":\"nb-NO\",\"@id\":\"https:\/\/www.normisjon.no\/ostfold\/misjonsfest-pa-hannestad\/#primaryimage\",\"url\":\"https:\/\/www.normisjon.no\/content\/uploads\/sites\/24\/2025\/02\/Misjonsfest-2.png\",\"contentUrl\":\"https:\/\/www.normisjon.no\/content\/uploads\/sites\/24\/2025\/02\/Misjonsfest-2.png\",\"width\":1920,\"height\":1480},{\"@type\":\"BreadcrumbList\",\"@id\":\"https:\/\/www.normisjon.no\/ostfold\/misjonsfest-pa-hannestad\/#breadcrumb\",\"itemListElement\":[{\"@type\":\"ListItem\",\"position\":1,\"name\":\"Home\",\"item\":\"https:\/\/www.normisjon.no\/ostfold\/\"},{\"@type\":\"ListItem\",\"position\":2,\"name\":\"Misjonsfest p\u00e5 Hannestad\"}]},{\"@type\":\"WebSite\",\"@id\":\"https:\/\/www.normisjon.no\/ostfold\/#website\",\"url\":\"https:\/\/www.normisjon.no\/ostfold\/\",\"name\":\"Region \u00d8stfold\",\"description\":\"\",\"publisher\":{\"@id\":\"https:\/\/www.normisjon.no\/ostfold\/#organization\"},\"potentialAction\":[{\"@type\":\"SearchAction\",\"target\":{\"@type\":\"EntryPoint\",\"urlTemplate\":\"https:\/\/www.normisjon.no\/ostfold\/?s={search_term_string}\"},\"query-input\":{\"@type\":\"PropertyValueSpecification\",\"valueRequired\":true,\"valueName\":\"search_term_string\"}}],\"inLanguage\":\"nb-NO\"},{\"@type\":\"Organization\",\"@id\":\"https:\/\/www.normisjon.no\/ostfold\/#organization\",\"name\":\"Region \u00d8stfold\",\"url\":\"https:\/\/www.normisjon.no\/ostfold\/\",\"logo\":{\"@type\":\"ImageObject\",\"inLanguage\":\"nb-NO\",\"@id\":\"https:\/\/www.normisjon.no\/ostfold\/#\/schema\/logo\/image\/\",\"url\":\"https:\/\/www.normisjon.no\/content\/uploads\/sites\/24\/2024\/11\/logo_Normisjon_lang_regionostfold_bla\u2560e.png\",\"contentUrl\":\"https:\/\/www.normisjon.no\/content\/uploads\/sites\/24\/2024\/11\/logo_Normisjon_lang_regionostfold_bla\u2560e.png\",\"width\":1952,\"height\":562,\"caption\":\"Region \u00d8stfold\"},\"image\":{\"@id\":\"https:\/\/www.normisjon.no\/ostfold\/#\/schema\/logo\/image\/\"},\"sameAs\":[\"https:\/\/www.facebook.com\/NormisjonRegionOstfold\"]}]}<\/script>\n<!-- \/ Yoast SEO plugin. -->","yoast_head_json":{"title":"Misjonsfest p\u00e5 Hannestad - Region \u00d8stfold","robots":{"index":"index","follow":"follow","max-snippet":"max-snippet:-1","max-image-preview":"max-image-preview:large","max-video-preview":"max-video-preview:-1"},"canonical":"https:\/\/www.normisjon.no\/ostfold\/misjonsfest-pa-hannestad\/","og_locale":"nb_NO","og_type":"article","og_title":"Misjonsfest p\u00e5 Hannestad - Region \u00d8stfold","og_description":"Salen var praktisk talt full p\u00e5 Hannestad Bedehus s\u00f8ndag 2. februar n\u00e5r Misjonsforum \u00d8stfold hadde invitert til Misjonsfest. Hannestad Normisjon var lokalt vertskap og hadde [&hellip;]","og_url":"https:\/\/www.normisjon.no\/ostfold\/misjonsfest-pa-hannestad\/","og_site_name":"Region \u00d8stfold","article_publisher":"https:\/\/www.facebook.com\/NormisjonRegionOstfold","article_modified_time":"2025-03-04T07:52:42+00:00","og_image":[{"width":1024,"height":789,"url":"https:\/\/www.normisjon.no\/content\/uploads\/sites\/24\/2025\/02\/Misjonsfest-2-1024x789.png","type":"image\/png"}],"twitter_card":"summary_large_image","twitter_misc":{"Ansl. lesetid":"2 minutter"},"schema":{"@context":"https:\/\/schema.org","@graph":[{"@type":"WebPage","@id":"https:\/\/www.normisjon.no\/ostfold\/misjonsfest-pa-hannestad\/","url":"https:\/\/www.normisjon.no\/ostfold\/misjonsfest-pa-hannestad\/","name":"Misjonsfest p\u00e5 Hannestad - Region \u00d8stfold","isPartOf":{"@id":"https:\/\/www.normisjon.no\/ostfold\/#website"},"primaryImageOfPage":{"@id":"https:\/\/www.normisjon.no\/ostfold\/misjonsfest-pa-hannestad\/#primaryimage"},"image":{"@id":"https:\/\/www.normisjon.no\/ostfold\/misjonsfest-pa-hannestad\/#primaryimage"},"thumbnailUrl":"https:\/\/www.normisjon.no\/content\/uploads\/sites\/24\/2025\/02\/Misjonsfest-2.png","datePublished":"2025-02-11T10:46:59+00:00","dateModified":"2025-03-04T07:52:42+00:00","breadcrumb":{"@id":"https:\/\/www.normisjon.no\/ostfold\/misjonsfest-pa-hannestad\/#breadcrumb"},"inLanguage":"nb-NO","potentialAction":[{"@type":"ReadAction","target":["https:\/\/www.normisjon.no\/ostfold\/misjonsfest-pa-hannestad\/"]}]},{"@type":"ImageObject","inLanguage":"nb-NO","@id":"https:\/\/www.normisjon.no\/ostfold\/misjonsfest-pa-hannestad\/#primaryimage","url":"https:\/\/www.normisjon.no\/content\/uploads\/sites\/24\/2025\/02\/Misjonsfest-2.png","contentUrl":"https:\/\/www.normisjon.no\/content\/uploads\/sites\/24\/2025\/02\/Misjonsfest-2.png","width":1920,"height":1480},{"@type":"BreadcrumbList","@id":"https:\/\/www.normisjon.no\/ostfold\/misjonsfest-pa-hannestad\/#breadcrumb","itemListElement":[{"@type":"ListItem","position":1,"name":"Home","item":"https:\/\/www.normisjon.no\/ostfold\/"},{"@type":"ListItem","position":2,"name":"Misjonsfest p\u00e5 Hannestad"}]},{"@type":"WebSite","@id":"https:\/\/www.normisjon.no\/ostfold\/#website","url":"https:\/\/www.normisjon.no\/ostfold\/","name":"Region \u00d8stfold","description":"","publisher":{"@id":"https:\/\/www.normisjon.no\/ostfold\/#organization"},"potentialAction":[{"@type":"SearchAction","target":{"@type":"EntryPoint","urlTemplate":"https:\/\/www.normisjon.no\/ostfold\/?s={search_term_string}"},"query-input":{"@type":"PropertyValueSpecification","valueRequired":true,"valueName":"search_term_string"}}],"inLanguage":"nb-NO"},{"@type":"Organization","@id":"https:\/\/www.normisjon.no\/ostfold\/#organization","name":"Region \u00d8stfold","url":"https:\/\/www.normisjon.no\/ostfold\/","logo":{"@type":"ImageObject","inLanguage":"nb-NO","@id":"https:\/\/www.normisjon.no\/ostfold\/#\/schema\/logo\/image\/","url":"https:\/\/www.normisjon.no\/content\/uploads\/sites\/24\/2024\/11\/logo_Normisjon_lang_regionostfold_bla\u2560e.png","contentUrl":"https:\/\/www.normisjon.no\/content\/uploads\/sites\/24\/2024\/11\/logo_Normisjon_lang_regionostfold_bla\u2560e.png","width":1952,"height":562,"caption":"Region \u00d8stfold"},"image":{"@id":"https:\/\/www.normisjon.no\/ostfold\/#\/schema\/logo\/image\/"},"sameAs":["https:\/\/www.facebook.com\/NormisjonRegionOstfold"]}]}},"_links":{"self":[{"href":"https:\/\/www.normisjon.no\/ostfold\/wp-json\/wp\/v2\/pages\/4969","targetHints":{"allow":["GET"]}}],"collection":[{"href":"https:\/\/www.normisjon.no\/ostfold\/wp-json\/wp\/v2\/pages"}],"about":[{"href":"https:\/\/www.normisjon.no\/ostfold\/wp-json\/wp\/v2\/types\/page"}],"author":[{"embeddable":true,"href":"https:\/\/www.normisjon.no\/ostfold\/wp-json\/wp\/v2\/users\/25"}],"replies":[{"embeddable":true,"href":"https:\/\/www.normisjon.no\/ostfold\/wp-json\/wp\/v2\/comments?post=4969"}],"version-history":[{"count":2,"href":"https:\/\/www.normisjon.no\/ostfold\/wp-json\/wp\/v2\/pages\/4969\/revisions"}],"predecessor-version":[{"id":4980,"href":"https:\/\/www.normisjon.no\/ostfold\/wp-json\/wp\/v2\/pages\/4969\/revisions\/4980"}],"wp:featuredmedia":[{"embeddable":true,"href":"https:\/\/www.normisjon.no\/ostfold\/wp-json\/wp\/v2\/media\/4970"}],"wp:attachment":[{"href":"https:\/\/www.normisjon.no\/ostfold\/wp-json\/wp\/v2\/media?parent=4969"}],"curies":[{"name":"wp","href":"https:\/\/api.w.org\/{rel}","templated":true}]}}