{"id":310,"date":"2018-06-14T13:02:04","date_gmt":"2018-06-14T11:02:04","guid":{"rendered":"https:\/\/www.normisjon.no\/region-sogn-og-fjordane\/?page_id=310"},"modified":"2018-06-27T13:18:52","modified_gmt":"2018-06-27T11:18:52","slug":"smagruppeopplegg","status":"publish","type":"page","link":"https:\/\/www.normisjon.no\/sof\/ressursar\/smagruppeopplegg\/","title":{"rendered":"Sm\u00e5gruppeopplegg"},"content":{"rendered":"<div id=\"module-0\" class=\"hogan-module hogan-module-grid hogan-module-0 hogan-grid-has-theme hogan-grid-theme-greyblue-reverse\"><div class=\"hogan-module-inner\"><h2 class=\"hogan-heading\">Sm\u00e5gruppeopplegg<\/h2><div class=\"hogan-grid hogan-grid-text-center hogan-grid-size-dynamic\">\n\t<div class=\"hogan-grid-inner\">\n\t\t\t\t\t<div class=\"hogan-grid-item hogan-grid-item-size-small hogan-grid-item-type-post savage-has-image savage-has-heading\">\n\t\t\t\t<div class=\"hogan-grid-item-inner\">\n\t\t\t\t\t<div class=\"savage-card-image\">\n\t<div class=\"savage-card-image-inner\">\n\t\t<span class=\"savage-card-image-image\" style=\"background-image: url(https:\/\/www.normisjon.no\/content\/themes\/normisjon-gutenberg\/assets\/images\/fallback.png);\"><\/span>\t<\/div>\n<\/div>\n\t\t<div class=\"savage-card-body\">\n\t\t\t<div class=\"savage-card-body-inner\">\n\t\t\t\t<div class=\"savage-card__date\">Publisert: 19. januar 2020<\/div><h2 class=\"savage-card-heading\">Meir enn ein song -sm\u00e5gruppeopplegg<\/h2>\t\t\t<\/div>\n\t\t<\/div>\n\t\t<a href=\"https:\/\/www.normisjon.no\/sof\/2020\/01\/19\/meir-enn-ein-song-smagruppeopplegg\/\" class=\"savage-card-link\"><span class=\"screen-reader-text\">Read article &quot;Meir enn ein song -sm\u00e5gruppeopplegg&quot;<\/span><\/a>\t\t\t\t<\/div>\n\t\t\t<\/div>\n\t\t\t\t\t\t<div class=\"hogan-grid-item hogan-grid-item-size-small hogan-grid-item-type-post savage-has-image savage-has-heading\">\n\t\t\t\t<div class=\"hogan-grid-item-inner\">\n\t\t\t\t\t<div class=\"savage-card-image\">\n\t<div class=\"savage-card-image-inner\">\n\t\t<span class=\"savage-card-image-image\" style=\"background-image: url(https:\/\/www.normisjon.no\/content\/uploads\/sites\/19\/2019\/10\/jona-profet-p\u00e5-b\u00e6rtur-2-768x432.jpg);\"><\/span>\t<\/div>\n<\/div>\n\t\t<div class=\"savage-card-body\">\n\t\t\t<div class=\"savage-card-body-inner\">\n\t\t\t\t<div class=\"savage-card__date\">Publisert: 20. oktober 2019<\/div><h2 class=\"savage-card-heading\">Jona &#8211; sm\u00e5gruppeopplegg<\/h2>\t\t\t<\/div>\n\t\t<\/div>\n\t\t<a href=\"https:\/\/www.normisjon.no\/sof\/2019\/10\/20\/jona-smagruppeopplegg\/\" class=\"savage-card-link\"><span class=\"screen-reader-text\">Read article &quot;Jona &#8211; sm\u00e5gruppeopplegg&quot;<\/span><\/a>\t\t\t\t<\/div>\n\t\t\t<\/div>\n\t\t\t\t\t\t<div class=\"hogan-grid-item hogan-grid-item-size-small hogan-grid-item-type-post savage-has-image savage-has-heading\">\n\t\t\t\t<div class=\"hogan-grid-item-inner\">\n\t\t\t\t\t<div class=\"savage-card-image\">\n\t<div class=\"savage-card-image-inner\">\n\t\t<span class=\"savage-card-image-image\" style=\"background-image: url(https:\/\/www.normisjon.no\/content\/uploads\/sites\/19\/2019\/08\/opnehender-label-768x768.jpg);\"><\/span>\t<\/div>\n<\/div>\n\t\t<div class=\"savage-card-body\">\n\t\t\t<div class=\"savage-card-body-inner\">\n\t\t\t\t<div class=\"savage-card__date\">Publisert: 25. august 2019<\/div><h2 class=\"savage-card-heading\">Opne hender &#8211; sm\u00e5gruppeopplegg<\/h2>\t\t\t<\/div>\n\t\t<\/div>\n\t\t<a href=\"https:\/\/www.normisjon.no\/sof\/2019\/08\/25\/opne-hender-smagruppeopplegg\/\" class=\"savage-card-link\"><span class=\"screen-reader-text\">Read article &quot;Opne hender &#8211; sm\u00e5gruppeopplegg&quot;<\/span><\/a>\t\t\t\t<\/div>\n\t\t\t<\/div>\n\t\t\t\t\t\t<div class=\"hogan-grid-item hogan-grid-item-size-small hogan-grid-item-type-post savage-has-image savage-has-heading\">\n\t\t\t\t<div class=\"hogan-grid-item-inner\">\n\t\t\t\t\t<div class=\"savage-card-image\">\n\t<div class=\"savage-card-image-inner\">\n\t\t<span class=\"savage-card-image-image\" style=\"background-image: url(https:\/\/www.normisjon.no\/content\/uploads\/sites\/19\/2019\/03\/For-Gud-grafikk2-768x432.jpg);\"><\/span>\t<\/div>\n<\/div>\n\t\t<div class=\"savage-card-body\">\n\t\t\t<div class=\"savage-card-body-inner\">\n\t\t\t\t<div class=\"savage-card__date\">Publisert: 24. mars 2019<\/div><h2 class=\"savage-card-heading\">For Gud &#8211; sm\u00e5gruppeopplegg<\/h2>\t\t\t<\/div>\n\t\t<\/div>\n\t\t<a href=\"https:\/\/www.normisjon.no\/sof\/2019\/03\/24\/for-gud-smagruppeopplegg\/\" class=\"savage-card-link\"><span class=\"screen-reader-text\">Read article &quot;For Gud &#8211; sm\u00e5gruppeopplegg&quot;<\/span><\/a>\t\t\t\t<\/div>\n\t\t\t<\/div>\n\t\t\t\t\t\t<div class=\"hogan-grid-item hogan-grid-item-size-small hogan-grid-item-type-post savage-has-image savage-has-heading\">\n\t\t\t\t<div class=\"hogan-grid-item-inner\">\n\t\t\t\t\t<div class=\"savage-card-image\">\n\t<div class=\"savage-card-image-inner\">\n\t\t<span class=\"savage-card-image-image\" style=\"background-image: url(https:\/\/www.normisjon.no\/content\/uploads\/sites\/19\/2019\/01\/til-deg-grafikk6-768x521.jpg);\"><\/span>\t<\/div>\n<\/div>\n\t\t<div class=\"savage-card-body\">\n\t\t\t<div class=\"savage-card-body-inner\">\n\t\t\t\t<div class=\"savage-card__date\">Publisert: 5. januar 2019<\/div><h2 class=\"savage-card-heading\">Til deg &#8211; sm\u00e5gruppeopplegg<\/h2>\t\t\t<\/div>\n\t\t<\/div>\n\t\t<a href=\"https:\/\/www.normisjon.no\/sof\/2019\/01\/05\/til-deg-smagruppeopplegg\/\" class=\"savage-card-link\"><span class=\"screen-reader-text\">Read article &quot;Til deg &#8211; sm\u00e5gruppeopplegg&quot;<\/span><\/a>\t\t\t\t<\/div>\n\t\t\t<\/div>\n\t\t\t\t\t\t<div class=\"hogan-grid-item hogan-grid-item-size-small hogan-grid-item-type-post savage-has-image savage-has-heading\">\n\t\t\t\t<div class=\"hogan-grid-item-inner\">\n\t\t\t\t\t<div class=\"savage-card-image\">\n\t<div class=\"savage-card-image-inner\">\n\t\t<span class=\"savage-card-image-image\" style=\"background-image: url(https:\/\/www.normisjon.no\/content\/uploads\/sites\/19\/2018\/06\/Galaterbreveth\u00f8g-768x576.jpg);\"><\/span>\t<\/div>\n<\/div>\n\t\t<div class=\"savage-card-body\">\n\t\t\t<div class=\"savage-card-body-inner\">\n\t\t\t\t<div class=\"savage-card__date\">Publisert: 26. juni 2018<\/div><h2 class=\"savage-card-heading\">Galatarbrevet &#8211; sm\u00e5gruppeopplegg<\/h2>\t\t\t<\/div>\n\t\t<\/div>\n\t\t<a href=\"https:\/\/www.normisjon.no\/sof\/2018\/06\/26\/galatarbrevet-smagruppeopplegg\/\" class=\"savage-card-link\"><span class=\"screen-reader-text\">Read article &quot;Galatarbrevet &#8211; sm\u00e5gruppeopplegg&quot;<\/span><\/a>\t\t\t\t<\/div>\n\t\t\t<\/div>\n\t\t\t\t\t\t<div class=\"hogan-grid-item hogan-grid-item-size-small hogan-grid-item-type-post savage-has-image savage-has-heading\">\n\t\t\t\t<div class=\"hogan-grid-item-inner\">\n\t\t\t\t\t<div class=\"savage-card-image\">\n\t<div class=\"savage-card-image-inner\">\n\t\t<span class=\"savage-card-image-image\" style=\"background-image: url(https:\/\/www.normisjon.no\/content\/uploads\/sites\/19\/2018\/06\/Vendepunkt-logo1400x1400-768x768.jpg);\"><\/span>\t<\/div>\n<\/div>\n\t\t<div class=\"savage-card-body\">\n\t\t\t<div class=\"savage-card-body-inner\">\n\t\t\t\t<div class=\"savage-card__date\">Publisert: 20. januar 2018<\/div><h2 class=\"savage-card-heading\">Vendepunkt &#8211; sm\u00e5gruppeopplegg<\/h2>\t\t\t<\/div>\n\t\t<\/div>\n\t\t<a href=\"https:\/\/www.normisjon.no\/sof\/2018\/01\/20\/vendepunkt-smagruppeopplegg\/\" class=\"savage-card-link\"><span class=\"screen-reader-text\">Read article &quot;Vendepunkt &#8211; sm\u00e5gruppeopplegg&quot;<\/span><\/a>\t\t\t\t<\/div>\n\t\t\t<\/div>\n\t\t\t\t\t\t<div class=\"hogan-grid-item hogan-grid-item-size-small hogan-grid-item-type-post savage-has-image savage-has-heading\">\n\t\t\t\t<div class=\"hogan-grid-item-inner\">\n\t\t\t\t\t<div class=\"savage-card-image\">\n\t<div class=\"savage-card-image-inner\">\n\t\t<span class=\"savage-card-image-image\" style=\"background-image: url(https:\/\/www.normisjon.no\/content\/uploads\/sites\/19\/2018\/06\/v02_E540545CDCF784F732932889CC6B8398_c8X0X645X450_ac_mw426_mh303_hc_vm.jpg);\"><\/span>\t<\/div>\n<\/div>\n\t\t<div class=\"savage-card-body\">\n\t\t\t<div class=\"savage-card-body-inner\">\n\t\t\t\t<div class=\"savage-card__date\">Publisert: 1. oktober 2017<\/div><h2 class=\"savage-card-heading\">V\u00e5r Far &#8211; sm\u00e5gruppeopplegg<\/h2>\t\t\t<\/div>\n\t\t<\/div>\n\t\t<a href=\"https:\/\/www.normisjon.no\/sof\/2017\/10\/01\/var-far-smagruppeopplegg\/\" class=\"savage-card-link\"><span class=\"screen-reader-text\">Read article &quot;V\u00e5r Far &#8211; sm\u00e5gruppeopplegg&quot;<\/span><\/a>\t\t\t\t<\/div>\n\t\t\t<\/div>\n\t\t\t\t\t\t<div class=\"hogan-grid-item hogan-grid-item-size-small hogan-grid-item-type-post savage-has-image savage-has-heading\">\n\t\t\t\t<div class=\"hogan-grid-item-inner\">\n\t\t\t\t\t<div class=\"savage-card-image\">\n\t<div class=\"savage-card-image-inner\">\n\t\t<span class=\"savage-card-image-image\" style=\"background-image: url(https:\/\/www.normisjon.no\/content\/uploads\/sites\/19\/2018\/06\/denkjensla-header-768x576.jpg);\"><\/span>\t<\/div>\n<\/div>\n\t\t<div class=\"savage-card-body\">\n\t\t\t<div class=\"savage-card-body-inner\">\n\t\t\t\t<div class=\"savage-card__date\">Publisert: 1. august 2017<\/div><h2 class=\"savage-card-heading\">#denkjensla &#8211; sm\u00e5gruppeopplegg<\/h2>\t\t\t<\/div>\n\t\t<\/div>\n\t\t<a href=\"https:\/\/www.normisjon.no\/sof\/2017\/08\/01\/denkjensla\/\" class=\"savage-card-link\"><span class=\"screen-reader-text\">Read article &quot;#denkjensla &#8211; sm\u00e5gruppeopplegg&quot;<\/span><\/a>\t\t\t\t<\/div>\n\t\t\t<\/div>\n\t\t\t\t\t\t<div class=\"hogan-grid-item hogan-grid-item-size-small hogan-grid-item-type-post savage-has-image savage-has-heading\">\n\t\t\t\t<div class=\"hogan-grid-item-inner\">\n\t\t\t\t\t<div class=\"savage-card-image\">\n\t<div class=\"savage-card-image-inner\">\n\t\t<span class=\"savage-card-image-image\" style=\"background-image: url(https:\/\/www.normisjon.no\/content\/uploads\/sites\/19\/2018\/06\/v02_C99BB3C24C0F4896FB999EE659E36D8E-1-768x543.jpg);\"><\/span>\t<\/div>\n<\/div>\n\t\t<div class=\"savage-card-body\">\n\t\t\t<div class=\"savage-card-body-inner\">\n\t\t\t\t<div class=\"savage-card__date\">Publisert: 1. mars 2017<\/div><h2 class=\"savage-card-heading\">Nest Best &#8211; korleis det gode s\u00e5 lett tek plassen til Den Gode<\/h2>\t\t\t<\/div>\n\t\t<\/div>\n\t\t<a href=\"https:\/\/www.normisjon.no\/sof\/2017\/03\/01\/nest-best-korleis-det-gode-sa-lett-tek-plassen-til-den-gode\/\" class=\"savage-card-link\"><span class=\"screen-reader-text\">Read article &quot;Nest Best &#8211; korleis det gode s\u00e5 lett tek plassen til Den Gode&quot;<\/span><\/a>\t\t\t\t<\/div>\n\t\t\t<\/div>\n\t\t\t\t\t\t<div class=\"hogan-grid-item hogan-grid-item-size-small hogan-grid-item-type-post savage-has-image savage-has-heading\">\n\t\t\t\t<div class=\"hogan-grid-item-inner\">\n\t\t\t\t\t<div class=\"savage-card-image\">\n\t<div class=\"savage-card-image-inner\">\n\t\t<span class=\"savage-card-image-image\" style=\"background-image: url(https:\/\/www.normisjon.no\/content\/uploads\/sites\/19\/2018\/06\/Thumbnail-Gruppeopplegg.jpg);\"><\/span>\t<\/div>\n<\/div>\n\t\t<div class=\"savage-card-body\">\n\t\t\t<div class=\"savage-card-body-inner\">\n\t\t\t\t<div class=\"savage-card__date\">Publisert: 1. januar 2017<\/div><h2 class=\"savage-card-heading\">Sm\u00e5gruppevisjon &#8211; gruppeopplegg i fire delar<\/h2>\t\t\t<\/div>\n\t\t<\/div>\n\t\t<a href=\"https:\/\/www.normisjon.no\/sof\/2017\/01\/01\/smagruppevisjon-gruppeopplegg-i-fire-delar\/\" class=\"savage-card-link\"><span class=\"screen-reader-text\">Read article &quot;Sm\u00e5gruppevisjon &#8211; gruppeopplegg i fire delar&quot;<\/span><\/a>\t\t\t\t<\/div>\n\t\t\t<\/div>\n\t\t\t\t\t\t<div class=\"hogan-grid-item hogan-grid-item-size-small hogan-grid-item-type-post savage-has-image savage-has-heading\">\n\t\t\t\t<div class=\"hogan-grid-item-inner\">\n\t\t\t\t\t<div class=\"savage-card-image\">\n\t<div class=\"savage-card-image-inner\">\n\t\t<span class=\"savage-card-image-image\" style=\"background-image: url(https:\/\/www.normisjon.no\/content\/uploads\/sites\/19\/2018\/06\/v02_176C0399431B4A02970CCC4B007F3408_c22X0X618X360.png);\"><\/span>\t<\/div>\n<\/div>\n\t\t<div class=\"savage-card-body\">\n\t\t\t<div class=\"savage-card-body-inner\">\n\t\t\t\t<div class=\"savage-card__date\">Publisert: 1. februar 2015<\/div><h2 class=\"savage-card-heading\">Kvardagstru &#8211; sm\u00e5gruppeopplegg<\/h2>\t\t\t<\/div>\n\t\t<\/div>\n\t\t<a href=\"https:\/\/www.normisjon.no\/sof\/2015\/02\/01\/kvardagstru-smagruppeopplegg\/\" class=\"savage-card-link\"><span class=\"screen-reader-text\">Read article &quot;Kvardagstru &#8211; sm\u00e5gruppeopplegg&quot;<\/span><\/a>\t\t\t\t<\/div>\n\t\t\t<\/div>\n\t\t\t\t\t\t<div class=\"hogan-grid-item hogan-grid-item-size-small hogan-grid-item-type-post savage-has-image savage-has-heading\">\n\t\t\t\t<div class=\"hogan-grid-item-inner\">\n\t\t\t\t\t<div class=\"savage-card-image\">\n\t<div class=\"savage-card-image-inner\">\n\t\t<span class=\"savage-card-image-image\" style=\"background-image: url(https:\/\/www.normisjon.no\/content\/uploads\/sites\/19\/2018\/06\/v02_E251D6BA167ADBB9D1E225FFBF5C4F30_c0X181X716X361-2.jpg);\"><\/span>\t<\/div>\n<\/div>\n\t\t<div class=\"savage-card-body\">\n\t\t\t<div class=\"savage-card-body-inner\">\n\t\t\t\t<div class=\"savage-card__date\">Publisert: 1. oktober 2014<\/div><h2 class=\"savage-card-heading\">Nehemja &#8211; gjenreise knuste murar<\/h2>\t\t\t<\/div>\n\t\t<\/div>\n\t\t<a href=\"https:\/\/www.normisjon.no\/sof\/2014\/10\/01\/nehemja-gjenreise-knuste-murar\/\" class=\"savage-card-link\"><span class=\"screen-reader-text\">Read article &quot;Nehemja &#8211; gjenreise knuste murar&quot;<\/span><\/a>\t\t\t\t<\/div>\n\t\t\t<\/div>\n\t\t\t\t<\/div>\n<\/div>\n<\/div><\/div>","protected":false},"excerpt":{"rendered":"<p>Sm\u00e5gruppeopplegg Publisert: 19. januar 2020Meir enn ein song -sm\u00e5gruppeopplegg Read article &quot;Meir enn ein song -sm\u00e5gruppeopplegg&quot; Publisert: 20. oktober 2019Jona &#8211; sm\u00e5gruppeopplegg Read article &quot;Jona [&hellip;]<\/p>\n","protected":false},"author":16,"featured_media":653,"parent":130,"menu_order":0,"comment_status":"closed","ping_status":"closed","template":"","meta":{"_acf_changed":false,"footnotes":""},"class_list":["post-310","page","type-page","status-publish","has-post-thumbnail","hentry"],"acf":[],"yoast_head":"<!-- This site is optimized with the Yoast SEO plugin v25.9 - https:\/\/yoast.com\/wordpress\/plugins\/seo\/ -->\n<title>Sm\u00e5gruppeopplegg - Region Sogn og Fjordane<\/title>\n<meta name=\"robots\" content=\"index, follow, max-snippet:-1, max-image-preview:large, max-video-preview:-1\" \/>\n<link rel=\"canonical\" href=\"https:\/\/www.normisjon.no\/sof\/ressursar\/smagruppeopplegg\/\" \/>\n<meta property=\"og:locale\" content=\"nb_NO\" \/>\n<meta property=\"og:type\" content=\"article\" \/>\n<meta property=\"og:title\" content=\"Sm\u00e5gruppeopplegg - Region Sogn og Fjordane\" \/>\n<meta property=\"og:description\" content=\"Sm\u00e5gruppeopplegg Publisert: 19. januar 2020Meir enn ein song -sm\u00e5gruppeopplegg Read article &quot;Meir enn ein song -sm\u00e5gruppeopplegg&quot; Publisert: 20. oktober 2019Jona &#8211; sm\u00e5gruppeopplegg Read article &quot;Jona [&hellip;]\" \/>\n<meta property=\"og:url\" content=\"https:\/\/www.normisjon.no\/sof\/ressursar\/smagruppeopplegg\/\" \/>\n<meta property=\"og:site_name\" content=\"Region Sogn og Fjordane\" \/>\n<meta property=\"article:modified_time\" content=\"2018-06-27T11:18:52+00:00\" \/>\n<meta property=\"og:image\" content=\"https:\/\/www.normisjon.no\/content\/uploads\/sites\/19\/2018\/06\/stor_sofa-lysegr\u00e5-bakgrunn2.jpg\" \/>\n\t<meta property=\"og:image:width\" content=\"460\" \/>\n\t<meta property=\"og:image:height\" content=\"395\" \/>\n\t<meta property=\"og:image:type\" content=\"image\/jpeg\" \/>\n<meta name=\"twitter:card\" content=\"summary_large_image\" \/>\n<script type=\"application\/ld+json\" class=\"yoast-schema-graph\">{\"@context\":\"https:\/\/schema.org\",\"@graph\":[{\"@type\":\"WebPage\",\"@id\":\"https:\/\/www.normisjon.no\/sof\/ressursar\/smagruppeopplegg\/\",\"url\":\"https:\/\/www.normisjon.no\/sof\/ressursar\/smagruppeopplegg\/\",\"name\":\"Sm\u00e5gruppeopplegg - Region Sogn og Fjordane\",\"isPartOf\":{\"@id\":\"https:\/\/www.normisjon.no\/sof\/#website\"},\"primaryImageOfPage\":{\"@id\":\"https:\/\/www.normisjon.no\/sof\/ressursar\/smagruppeopplegg\/#primaryimage\"},\"image\":{\"@id\":\"https:\/\/www.normisjon.no\/sof\/ressursar\/smagruppeopplegg\/#primaryimage\"},\"thumbnailUrl\":\"https:\/\/www.normisjon.no\/content\/uploads\/sites\/19\/2018\/06\/stor_sofa-lysegr\u00e5-bakgrunn2.jpg\",\"datePublished\":\"2018-06-14T11:02:04+00:00\",\"dateModified\":\"2018-06-27T11:18:52+00:00\",\"breadcrumb\":{\"@id\":\"https:\/\/www.normisjon.no\/sof\/ressursar\/smagruppeopplegg\/#breadcrumb\"},\"inLanguage\":\"nb-NO\",\"potentialAction\":[{\"@type\":\"ReadAction\",\"target\":[\"https:\/\/www.normisjon.no\/sof\/ressursar\/smagruppeopplegg\/\"]}]},{\"@type\":\"ImageObject\",\"inLanguage\":\"nb-NO\",\"@id\":\"https:\/\/www.normisjon.no\/sof\/ressursar\/smagruppeopplegg\/#primaryimage\",\"url\":\"https:\/\/www.normisjon.no\/content\/uploads\/sites\/19\/2018\/06\/stor_sofa-lysegr\u00e5-bakgrunn2.jpg\",\"contentUrl\":\"https:\/\/www.normisjon.no\/content\/uploads\/sites\/19\/2018\/06\/stor_sofa-lysegr\u00e5-bakgrunn2.jpg\",\"width\":460,\"height\":395},{\"@type\":\"BreadcrumbList\",\"@id\":\"https:\/\/www.normisjon.no\/sof\/ressursar\/smagruppeopplegg\/#breadcrumb\",\"itemListElement\":[{\"@type\":\"ListItem\",\"position\":1,\"name\":\"Home\",\"item\":\"https:\/\/www.normisjon.no\/sof\/\"},{\"@type\":\"ListItem\",\"position\":2,\"name\":\"Ressursar\",\"item\":\"https:\/\/www.normisjon.no\/sof\/ressursar\/\"},{\"@type\":\"ListItem\",\"position\":3,\"name\":\"Sm\u00e5gruppeopplegg\"}]},{\"@type\":\"WebSite\",\"@id\":\"https:\/\/www.normisjon.no\/sof\/#website\",\"url\":\"https:\/\/www.normisjon.no\/sof\/\",\"name\":\"Region Sogn og Fjordane\",\"description\":\"\",\"potentialAction\":[{\"@type\":\"SearchAction\",\"target\":{\"@type\":\"EntryPoint\",\"urlTemplate\":\"https:\/\/www.normisjon.no\/sof\/?s={search_term_string}\"},\"query-input\":{\"@type\":\"PropertyValueSpecification\",\"valueRequired\":true,\"valueName\":\"search_term_string\"}}],\"inLanguage\":\"nb-NO\"}]}<\/script>\n<!-- \/ Yoast SEO plugin. -->","yoast_head_json":{"title":"Sm\u00e5gruppeopplegg - Region Sogn og Fjordane","robots":{"index":"index","follow":"follow","max-snippet":"max-snippet:-1","max-image-preview":"max-image-preview:large","max-video-preview":"max-video-preview:-1"},"canonical":"https:\/\/www.normisjon.no\/sof\/ressursar\/smagruppeopplegg\/","og_locale":"nb_NO","og_type":"article","og_title":"Sm\u00e5gruppeopplegg - Region Sogn og Fjordane","og_description":"Sm\u00e5gruppeopplegg Publisert: 19. januar 2020Meir enn ein song -sm\u00e5gruppeopplegg Read article &quot;Meir enn ein song -sm\u00e5gruppeopplegg&quot; Publisert: 20. oktober 2019Jona &#8211; sm\u00e5gruppeopplegg Read article &quot;Jona [&hellip;]","og_url":"https:\/\/www.normisjon.no\/sof\/ressursar\/smagruppeopplegg\/","og_site_name":"Region Sogn og Fjordane","article_modified_time":"2018-06-27T11:18:52+00:00","og_image":[{"width":460,"height":395,"url":"https:\/\/www.normisjon.no\/content\/uploads\/sites\/19\/2018\/06\/stor_sofa-lysegr\u00e5-bakgrunn2.jpg","type":"image\/jpeg"}],"twitter_card":"summary_large_image","schema":{"@context":"https:\/\/schema.org","@graph":[{"@type":"WebPage","@id":"https:\/\/www.normisjon.no\/sof\/ressursar\/smagruppeopplegg\/","url":"https:\/\/www.normisjon.no\/sof\/ressursar\/smagruppeopplegg\/","name":"Sm\u00e5gruppeopplegg - Region Sogn og Fjordane","isPartOf":{"@id":"https:\/\/www.normisjon.no\/sof\/#website"},"primaryImageOfPage":{"@id":"https:\/\/www.normisjon.no\/sof\/ressursar\/smagruppeopplegg\/#primaryimage"},"image":{"@id":"https:\/\/www.normisjon.no\/sof\/ressursar\/smagruppeopplegg\/#primaryimage"},"thumbnailUrl":"https:\/\/www.normisjon.no\/content\/uploads\/sites\/19\/2018\/06\/stor_sofa-lysegr\u00e5-bakgrunn2.jpg","datePublished":"2018-06-14T11:02:04+00:00","dateModified":"2018-06-27T11:18:52+00:00","breadcrumb":{"@id":"https:\/\/www.normisjon.no\/sof\/ressursar\/smagruppeopplegg\/#breadcrumb"},"inLanguage":"nb-NO","potentialAction":[{"@type":"ReadAction","target":["https:\/\/www.normisjon.no\/sof\/ressursar\/smagruppeopplegg\/"]}]},{"@type":"ImageObject","inLanguage":"nb-NO","@id":"https:\/\/www.normisjon.no\/sof\/ressursar\/smagruppeopplegg\/#primaryimage","url":"https:\/\/www.normisjon.no\/content\/uploads\/sites\/19\/2018\/06\/stor_sofa-lysegr\u00e5-bakgrunn2.jpg","contentUrl":"https:\/\/www.normisjon.no\/content\/uploads\/sites\/19\/2018\/06\/stor_sofa-lysegr\u00e5-bakgrunn2.jpg","width":460,"height":395},{"@type":"BreadcrumbList","@id":"https:\/\/www.normisjon.no\/sof\/ressursar\/smagruppeopplegg\/#breadcrumb","itemListElement":[{"@type":"ListItem","position":1,"name":"Home","item":"https:\/\/www.normisjon.no\/sof\/"},{"@type":"ListItem","position":2,"name":"Ressursar","item":"https:\/\/www.normisjon.no\/sof\/ressursar\/"},{"@type":"ListItem","position":3,"name":"Sm\u00e5gruppeopplegg"}]},{"@type":"WebSite","@id":"https:\/\/www.normisjon.no\/sof\/#website","url":"https:\/\/www.normisjon.no\/sof\/","name":"Region Sogn og Fjordane","description":"","potentialAction":[{"@type":"SearchAction","target":{"@type":"EntryPoint","urlTemplate":"https:\/\/www.normisjon.no\/sof\/?s={search_term_string}"},"query-input":{"@type":"PropertyValueSpecification","valueRequired":true,"valueName":"search_term_string"}}],"inLanguage":"nb-NO"}]}},"_links":{"self":[{"href":"https:\/\/www.normisjon.no\/sof\/wp-json\/wp\/v2\/pages\/310","targetHints":{"allow":["GET"]}}],"collection":[{"href":"https:\/\/www.normisjon.no\/sof\/wp-json\/wp\/v2\/pages"}],"about":[{"href":"https:\/\/www.normisjon.no\/sof\/wp-json\/wp\/v2\/types\/page"}],"author":[{"embeddable":true,"href":"https:\/\/www.normisjon.no\/sof\/wp-json\/wp\/v2\/users\/16"}],"replies":[{"embeddable":true,"href":"https:\/\/www.normisjon.no\/sof\/wp-json\/wp\/v2\/comments?post=310"}],"version-history":[{"count":1,"href":"https:\/\/www.normisjon.no\/sof\/wp-json\/wp\/v2\/pages\/310\/revisions"}],"predecessor-version":[{"id":311,"href":"https:\/\/www.normisjon.no\/sof\/wp-json\/wp\/v2\/pages\/310\/revisions\/311"}],"up":[{"embeddable":true,"href":"https:\/\/www.normisjon.no\/sof\/wp-json\/wp\/v2\/pages\/130"}],"wp:featuredmedia":[{"embeddable":true,"href":"https:\/\/www.normisjon.no\/sof\/wp-json\/wp\/v2\/media\/653"}],"wp:attachment":[{"href":"https:\/\/www.normisjon.no\/sof\/wp-json\/wp\/v2\/media?parent=310"}],"curies":[{"name":"wp","href":"https:\/\/api.w.org\/{rel}","templated":true}]}}