{"id":1859,"date":"2025-11-24T16:12:06","date_gmt":"2025-11-24T15:12:06","guid":{"rendered":"https:\/\/www.normisjon.no\/trondelag\/?page_id=1859"},"modified":"2026-01-16T16:48:30","modified_gmt":"2026-01-16T15:48:30","slug":"2025-03-leder","status":"publish","type":"page","link":"https:\/\/www.normisjon.no\/trondelag\/panorama\/2025-03-leder\/","title":{"rendered":"I brann for regionen"},"content":{"rendered":"<div id=\"module-0\" class=\"hogan-module hogan-module-banner hogan-module-0 normisjon-banner-button-default hogan-banner-content-left hogan-module-width-full hogan-banner-theme-secondary hogan-banner-layout-columns hogan-banner-text-center\"><div class=\"hogan-module-inner\"><div class=\"hogan-banner\">\n\t<div class=\"hogan-banner-column hogan-banner-image\">\n\t\t<img loading=\"lazy\" decoding=\"async\" width=\"960\" height=\"748\" src=\"https:\/\/www.normisjon.no\/content\/uploads\/sites\/21\/2025\/11\/Kine-Utoy-bedehus-1-scaled-e1764151230825-960x748.jpg\" class=\"attachment-half-width size-half-width\" alt=\"\" srcset=\"https:\/\/www.normisjon.no\/content\/uploads\/sites\/21\/2025\/11\/Kine-Utoy-bedehus-1-scaled-e1764151230825-960x748.jpg 960w, https:\/\/www.normisjon.no\/content\/uploads\/sites\/21\/2025\/11\/Kine-Utoy-bedehus-1-scaled-e1764151230825-300x234.jpg 300w, https:\/\/www.normisjon.no\/content\/uploads\/sites\/21\/2025\/11\/Kine-Utoy-bedehus-1-scaled-e1764151230825-1024x798.jpg 1024w, https:\/\/www.normisjon.no\/content\/uploads\/sites\/21\/2025\/11\/Kine-Utoy-bedehus-1-scaled-e1764151230825-768x599.jpg 768w, https:\/\/www.normisjon.no\/content\/uploads\/sites\/21\/2025\/11\/Kine-Utoy-bedehus-1-scaled-e1764151230825-1536x1197.jpg 1536w, https:\/\/www.normisjon.no\/content\/uploads\/sites\/21\/2025\/11\/Kine-Utoy-bedehus-1-scaled-e1764151230825-1920x1496.jpg 1920w, https:\/\/www.normisjon.no\/content\/uploads\/sites\/21\/2025\/11\/Kine-Utoy-bedehus-1-scaled-e1764151230825-1360x1060.jpg 1360w, https:\/\/www.normisjon.no\/content\/uploads\/sites\/21\/2025\/11\/Kine-Utoy-bedehus-1-scaled-e1764151230825.jpg 2048w\" sizes=\"auto, (max-width: 960px) 100vw, 960px\" \/>\t<\/div>\n\t\t\t<div class=\"hogan-banner-column hogan-banner-content\">\n\t\t\t<div class=\"hogan-banner-content-inner\">\n\t\t\t\t<p>Jeg kjenner en brann for hver by og bygd i regionen v\u00e5r. For de sm\u00e5 fellesskapene og de som st\u00e5r alene. Derfor gleder jeg meg over min nye jobb som regionleder i Normisjon Tr\u00f8ndelag.<\/p>\n\t\t\t<\/div>\n\t\t<\/div>\n\t<\/div>\n<\/div><\/div><div id=\"module-1\" class=\"hogan-module hogan-module-text hogan-module-1\"><div class=\"hogan-module-inner\"><p>Av: KINE HELEN VIK RAVNDAL (publisert i Panorama nr. 3-2025)<\/p>\n<p>Jeg vet at jeg kommer til en region med flotte folk, brennende hjerter og sterke tradisjoner. Et nettverk der den lille husgruppa er like viktig som den store menigheten, der barneleirer, foreningsm\u00f8ter og seniorarbeid har samme m\u00e5l.<\/p>\n<p>Vi trenger \u00e5 koble sammen hele dette nettverket av fellesskap, lag og foreninger, som et kabelnett som gir hverandre str\u00f8m. Slik kan Jesu lys str\u00e5le frem i hver by og bygd.<\/p>\n<p><strong>Et voksende engasjement<\/strong><\/p>\n<p>Engasjementet mitt for regionen her startet med Kvinner i Nettverk Tr\u00f8ndelag. De store kvinnekonferansene holdes i Oslo og Kristiansand, og ikke alle tr\u00f8ndere har anledning til \u00e5 reise s\u00e5 langt. Slik begynte det \u00e5 vokse frem i meg en lengsel etter \u00e5 arrangere samlinger og konferanser lokalt. Knytte nettverk. Se at vi til sammen er mange. Inspirere hverandre, velsigne og be for hverandre. Dele levd liv og peke p\u00e5 hva Jesus gj\u00f8r i dag. <\/p>\n<p>Siden 2022 har dette ledet fram til \u00e5rlige konferanser i Norkirken Trondheim Salem, damenes aften p\u00e5 Fokusbygget i Skogn, kvinnehelg p\u00e5 IMI St\u00f8len, kvinnedag i Heimdal Misjonskirke Elim og samarbeid med lignende nettverk. <\/p>\n<p><strong>En voksende lengsel<\/strong><\/p>\n<p>Parallelt med utviklingen av Kvinner i Nettverk, har engasjementet og lengselen \u00f8kt hos meg. Jeg dr\u00f8mmer om at enda flere i Tr\u00f8ndelag skal m\u00f8te Jesus. Her finnes allerede tradisjonen. Her ligger Nidarosdomen og Stiklestad. Her i v\u00e5r region skal vi snart feire 1000 \u00e5rs-jubileum for det som ble den kristne kirka i Norge.<\/p>\n<p>Lengselen er i tr\u00e5d med Normisjons visjon: Vi \u00f8nsker \u00e5 fortelle nye generasjoner og folkeslag om Jesus Kristus. Resultatet av visjonen v\u00e5r kan bli et nytt Tr\u00f8ndelag. <\/p>\n<p>Kanskje trenger vi store dr\u00f8mmer og noe \u00e5 strekke oss mot, n\u00e5r virkelighetsbildet kan ta motet fra oss. Kanskje finnes det flere av oss som dr\u00f8mmer om det samme, eller \u00f8nsker \u00e5 bidra til det samme? Jeg tenker at vi m\u00e5 t\u00f8rre \u00e5 sette ord p\u00e5 lengslene Gud har lagt ned i oss. Et f\u00f8rste steg p\u00e5 veien kan v\u00e6re: Hva dr\u00f8mmer du om for ditt fellesskap, for din bygd, for ditt nabolag?<\/p>\n<p>Gud har skapt oss forskjellig med ulike talenter. Vi er \u00e9n region, ett legeme, som er avhengig av hverandre for \u00e5 bygge Guds rike p\u00e5 jorden. Ingen kan gj\u00f8re det alene.<\/p>\n<p>Derfor deler jeg visjonen min. Jeg \u00f8nsker \u00e5 spille p\u00e5 lag med deg og ditt fellesskap, og h\u00e5per at vi i Normisjon Tr\u00f8ndelag, kan tenne flere flammer og bidra til at hverandres flammer holdes tent over hele fylket. Sammen med Jesus er ingenting umulig. <\/p>\n<p>\u00abAlt makter jeg i ham som gj\u00f8r meg sterk\u00bb (Fil 4,13)<\/p>\n<p>I denne utgaven av Panorama kan du lese om siste nytt, hva som har skjedd og skjer rundt om i regionen v\u00e5r og i Thailand. Vi ser utvikling og vekst, og h\u00e5per det kan v\u00e6re til inspirasjon. <\/p>\n<p>Ta kontakt med oss hvis ditt fellesskap \u00f8nsker bes\u00f8k, eller hvis dere vil dele dr\u00f8mmer og se p\u00e5 hvordan vi sammen kan bidra til utvikling og vekst.<\/p>\n<p>Jeg gleder meg til \u00e5 arbeide sammen med dere.<\/p><\/div><\/div>","protected":false},"excerpt":{"rendered":"<p>Jeg kjenner en brann for hver by og bygd i regionen v\u00e5r. For de sm\u00e5 fellesskapene og de som st\u00e5r alene. Derfor gleder jeg meg [&hellip;]<\/p>\n","protected":false},"author":146,"featured_media":0,"parent":91,"menu_order":0,"comment_status":"closed","ping_status":"closed","template":"","meta":{"_acf_changed":false,"footnotes":""},"class_list":["post-1859","page","type-page","status-publish","hentry"],"acf":[],"yoast_head":"<!-- This site is optimized with the Yoast SEO plugin v25.9 - https:\/\/yoast.com\/wordpress\/plugins\/seo\/ -->\n<title>I brann for regionen - Normisjon Region Tr\u00f8ndelag<\/title>\n<meta name=\"robots\" content=\"index, follow, max-snippet:-1, max-image-preview:large, max-video-preview:-1\" \/>\n<link rel=\"canonical\" href=\"https:\/\/www.normisjon.no\/trondelag\/panorama\/2025-03-leder\/\" \/>\n<meta property=\"og:locale\" content=\"nb_NO\" \/>\n<meta property=\"og:type\" content=\"article\" \/>\n<meta property=\"og:title\" content=\"I brann for regionen - Normisjon Region Tr\u00f8ndelag\" \/>\n<meta property=\"og:description\" content=\"Jeg kjenner en brann for hver by og bygd i regionen v\u00e5r. For de sm\u00e5 fellesskapene og de som st\u00e5r alene. Derfor gleder jeg meg [&hellip;]\" \/>\n<meta property=\"og:url\" content=\"https:\/\/www.normisjon.no\/trondelag\/panorama\/2025-03-leder\/\" \/>\n<meta property=\"og:site_name\" content=\"Normisjon Region Tr\u00f8ndelag\" \/>\n<meta property=\"article:publisher\" content=\"https:\/\/www.facebook.com\/NormisjonTrondelag\" \/>\n<meta property=\"article:modified_time\" content=\"2026-01-16T15:48:30+00:00\" \/>\n<meta name=\"twitter:card\" content=\"summary_large_image\" \/>\n<script type=\"application\/ld+json\" class=\"yoast-schema-graph\">{\"@context\":\"https:\/\/schema.org\",\"@graph\":[{\"@type\":\"WebPage\",\"@id\":\"https:\/\/www.normisjon.no\/trondelag\/panorama\/2025-03-leder\/\",\"url\":\"https:\/\/www.normisjon.no\/trondelag\/panorama\/2025-03-leder\/\",\"name\":\"I brann for regionen - Normisjon Region Tr\u00f8ndelag\",\"isPartOf\":{\"@id\":\"https:\/\/www.normisjon.no\/trondelag\/#website\"},\"datePublished\":\"2025-11-24T15:12:06+00:00\",\"dateModified\":\"2026-01-16T15:48:30+00:00\",\"breadcrumb\":{\"@id\":\"https:\/\/www.normisjon.no\/trondelag\/panorama\/2025-03-leder\/#breadcrumb\"},\"inLanguage\":\"nb-NO\",\"potentialAction\":[{\"@type\":\"ReadAction\",\"target\":[\"https:\/\/www.normisjon.no\/trondelag\/panorama\/2025-03-leder\/\"]}]},{\"@type\":\"BreadcrumbList\",\"@id\":\"https:\/\/www.normisjon.no\/trondelag\/panorama\/2025-03-leder\/#breadcrumb\",\"itemListElement\":[{\"@type\":\"ListItem\",\"position\":1,\"name\":\"Home\",\"item\":\"https:\/\/www.normisjon.no\/trondelag\/\"},{\"@type\":\"ListItem\",\"position\":2,\"name\":\"Panorama\",\"item\":\"https:\/\/www.normisjon.no\/trondelag\/panorama\/\"},{\"@type\":\"ListItem\",\"position\":3,\"name\":\"I brann for regionen\"}]},{\"@type\":\"WebSite\",\"@id\":\"https:\/\/www.normisjon.no\/trondelag\/#website\",\"url\":\"https:\/\/www.normisjon.no\/trondelag\/\",\"name\":\"Normisjon Region Tr\u00f8ndelag\",\"description\":\"Jesus Kristus til nye generasjoner og folkeslag\",\"publisher\":{\"@id\":\"https:\/\/www.normisjon.no\/trondelag\/#organization\"},\"potentialAction\":[{\"@type\":\"SearchAction\",\"target\":{\"@type\":\"EntryPoint\",\"urlTemplate\":\"https:\/\/www.normisjon.no\/trondelag\/?s={search_term_string}\"},\"query-input\":{\"@type\":\"PropertyValueSpecification\",\"valueRequired\":true,\"valueName\":\"search_term_string\"}}],\"inLanguage\":\"nb-NO\"},{\"@type\":\"Organization\",\"@id\":\"https:\/\/www.normisjon.no\/trondelag\/#organization\",\"name\":\"Normisjon Region Tr\u00f8ndelag\",\"url\":\"https:\/\/www.normisjon.no\/trondelag\/\",\"logo\":{\"@type\":\"ImageObject\",\"inLanguage\":\"nb-NO\",\"@id\":\"https:\/\/www.normisjon.no\/trondelag\/#\/schema\/logo\/image\/\",\"url\":\"https:\/\/www.normisjon.no\/content\/uploads\/sites\/21\/2018\/10\/logo_Normisjon_svart_600.jpg\",\"contentUrl\":\"https:\/\/www.normisjon.no\/content\/uploads\/sites\/21\/2018\/10\/logo_Normisjon_svart_600.jpg\",\"width\":600,\"height\":173,\"caption\":\"Normisjon Region Tr\u00f8ndelag\"},\"image\":{\"@id\":\"https:\/\/www.normisjon.no\/trondelag\/#\/schema\/logo\/image\/\"},\"sameAs\":[\"https:\/\/www.facebook.com\/NormisjonTrondelag\"]}]}<\/script>\n<!-- \/ Yoast SEO plugin. -->","yoast_head_json":{"title":"I brann for regionen - Normisjon Region Tr\u00f8ndelag","robots":{"index":"index","follow":"follow","max-snippet":"max-snippet:-1","max-image-preview":"max-image-preview:large","max-video-preview":"max-video-preview:-1"},"canonical":"https:\/\/www.normisjon.no\/trondelag\/panorama\/2025-03-leder\/","og_locale":"nb_NO","og_type":"article","og_title":"I brann for regionen - Normisjon Region Tr\u00f8ndelag","og_description":"Jeg kjenner en brann for hver by og bygd i regionen v\u00e5r. For de sm\u00e5 fellesskapene og de som st\u00e5r alene. Derfor gleder jeg meg [&hellip;]","og_url":"https:\/\/www.normisjon.no\/trondelag\/panorama\/2025-03-leder\/","og_site_name":"Normisjon Region Tr\u00f8ndelag","article_publisher":"https:\/\/www.facebook.com\/NormisjonTrondelag","article_modified_time":"2026-01-16T15:48:30+00:00","twitter_card":"summary_large_image","schema":{"@context":"https:\/\/schema.org","@graph":[{"@type":"WebPage","@id":"https:\/\/www.normisjon.no\/trondelag\/panorama\/2025-03-leder\/","url":"https:\/\/www.normisjon.no\/trondelag\/panorama\/2025-03-leder\/","name":"I brann for regionen - Normisjon Region Tr\u00f8ndelag","isPartOf":{"@id":"https:\/\/www.normisjon.no\/trondelag\/#website"},"datePublished":"2025-11-24T15:12:06+00:00","dateModified":"2026-01-16T15:48:30+00:00","breadcrumb":{"@id":"https:\/\/www.normisjon.no\/trondelag\/panorama\/2025-03-leder\/#breadcrumb"},"inLanguage":"nb-NO","potentialAction":[{"@type":"ReadAction","target":["https:\/\/www.normisjon.no\/trondelag\/panorama\/2025-03-leder\/"]}]},{"@type":"BreadcrumbList","@id":"https:\/\/www.normisjon.no\/trondelag\/panorama\/2025-03-leder\/#breadcrumb","itemListElement":[{"@type":"ListItem","position":1,"name":"Home","item":"https:\/\/www.normisjon.no\/trondelag\/"},{"@type":"ListItem","position":2,"name":"Panorama","item":"https:\/\/www.normisjon.no\/trondelag\/panorama\/"},{"@type":"ListItem","position":3,"name":"I brann for regionen"}]},{"@type":"WebSite","@id":"https:\/\/www.normisjon.no\/trondelag\/#website","url":"https:\/\/www.normisjon.no\/trondelag\/","name":"Normisjon Region Tr\u00f8ndelag","description":"Jesus Kristus til nye generasjoner og folkeslag","publisher":{"@id":"https:\/\/www.normisjon.no\/trondelag\/#organization"},"potentialAction":[{"@type":"SearchAction","target":{"@type":"EntryPoint","urlTemplate":"https:\/\/www.normisjon.no\/trondelag\/?s={search_term_string}"},"query-input":{"@type":"PropertyValueSpecification","valueRequired":true,"valueName":"search_term_string"}}],"inLanguage":"nb-NO"},{"@type":"Organization","@id":"https:\/\/www.normisjon.no\/trondelag\/#organization","name":"Normisjon Region Tr\u00f8ndelag","url":"https:\/\/www.normisjon.no\/trondelag\/","logo":{"@type":"ImageObject","inLanguage":"nb-NO","@id":"https:\/\/www.normisjon.no\/trondelag\/#\/schema\/logo\/image\/","url":"https:\/\/www.normisjon.no\/content\/uploads\/sites\/21\/2018\/10\/logo_Normisjon_svart_600.jpg","contentUrl":"https:\/\/www.normisjon.no\/content\/uploads\/sites\/21\/2018\/10\/logo_Normisjon_svart_600.jpg","width":600,"height":173,"caption":"Normisjon Region Tr\u00f8ndelag"},"image":{"@id":"https:\/\/www.normisjon.no\/trondelag\/#\/schema\/logo\/image\/"},"sameAs":["https:\/\/www.facebook.com\/NormisjonTrondelag"]}]}},"_links":{"self":[{"href":"https:\/\/www.normisjon.no\/trondelag\/wp-json\/wp\/v2\/pages\/1859","targetHints":{"allow":["GET"]}}],"collection":[{"href":"https:\/\/www.normisjon.no\/trondelag\/wp-json\/wp\/v2\/pages"}],"about":[{"href":"https:\/\/www.normisjon.no\/trondelag\/wp-json\/wp\/v2\/types\/page"}],"author":[{"embeddable":true,"href":"https:\/\/www.normisjon.no\/trondelag\/wp-json\/wp\/v2\/users\/146"}],"replies":[{"embeddable":true,"href":"https:\/\/www.normisjon.no\/trondelag\/wp-json\/wp\/v2\/comments?post=1859"}],"version-history":[{"count":13,"href":"https:\/\/www.normisjon.no\/trondelag\/wp-json\/wp\/v2\/pages\/1859\/revisions"}],"predecessor-version":[{"id":1943,"href":"https:\/\/www.normisjon.no\/trondelag\/wp-json\/wp\/v2\/pages\/1859\/revisions\/1943"}],"up":[{"embeddable":true,"href":"https:\/\/www.normisjon.no\/trondelag\/wp-json\/wp\/v2\/pages\/91"}],"wp:attachment":[{"href":"https:\/\/www.normisjon.no\/trondelag\/wp-json\/wp\/v2\/media?parent=1859"}],"curies":[{"name":"wp","href":"https:\/\/api.w.org\/{rel}","templated":true}]}}