{"id":489,"date":"2019-08-01T15:50:42","date_gmt":"2019-08-01T13:50:42","guid":{"rendered":"https:\/\/www.normisjon.no\/trondelag\/?page_id=489"},"modified":"2019-08-01T16:12:37","modified_gmt":"2019-08-01T14:12:37","slug":"naden","status":"publish","type":"page","link":"https:\/\/www.normisjon.no\/trondelag\/naden\/","title":{"rendered":"N\u00e5den"},"content":{"rendered":"<div id=\"module-0\" class=\"hogan-module hogan-module-banner hogan-module-0 normisjon-banner-button-default hogan-banner-content-left hogan-module-width-full hogan-banner-theme-dark-transparent hogan-banner-layout-full hogan-banner-text-center\"><div class=\"hogan-module-inner\"><div class=\"hogan-banner\">\n\t<div class=\"hogan-banner-column hogan-banner-image hogan-banner-dim-image\">\n\t\t<img loading=\"lazy\" decoding=\"async\" width=\"1920\" height=\"503\" src=\"https:\/\/www.normisjon.no\/content\/uploads\/sites\/21\/2019\/08\/n\u00e5den-1920x503.jpg\" class=\"attachment-full-width size-full-width\" alt=\"\" srcset=\"https:\/\/www.normisjon.no\/content\/uploads\/sites\/21\/2019\/08\/n\u00e5den.jpg 1920w, https:\/\/www.normisjon.no\/content\/uploads\/sites\/21\/2019\/08\/n\u00e5den-300x79.jpg 300w, https:\/\/www.normisjon.no\/content\/uploads\/sites\/21\/2019\/08\/n\u00e5den-768x201.jpg 768w, https:\/\/www.normisjon.no\/content\/uploads\/sites\/21\/2019\/08\/n\u00e5den-1024x268.jpg 1024w, https:\/\/www.normisjon.no\/content\/uploads\/sites\/21\/2019\/08\/n\u00e5den-1360x356.jpg 1360w, https:\/\/www.normisjon.no\/content\/uploads\/sites\/21\/2019\/08\/n\u00e5den-960x252.jpg 960w\" sizes=\"auto, (max-width: 1920px) 100vw, 1920px\" \/>\t<\/div>\n\t\t\t<div class=\"hogan-banner-column hogan-banner-content\">\n\t\t\t<div class=\"hogan-banner-content-inner\">\n\t\t\t\t<h2 class=\"hogan-heading\">N\u00e5den<\/h2><p>\u00abN\u00e5den holder i liv og i d\u00f8d, fordi den er knyttet til den korsfestede og oppstandne Jesus Kristus\u00bb. <\/p>\n<p>Andakt av Jann Even Andresen (publisert i Panorama nr. 6-2019).<\/p>\n\t\t\t<\/div>\n\t\t<\/div>\n\t<\/div>\n<\/div><\/div><div id=\"module-1\" class=\"hogan-module hogan-module-text hogan-module-1\"><div class=\"hogan-module-inner\"><p>Som 16-\u00e5ring gikk jeg p\u00e5 Fredly folkeh\u00f8gskole. Jeg hadde til da g\u00e5tt p\u00e5 s\u00f8ndagsskole, guttelag, yngres, v\u00e6rt p\u00e5 utallige leirer og sittet og lyttet til mange taler p\u00e5 Sandberg bedehus p\u00e5 Skogn. Til tross for det hadde jeg ikke grepet kjernen i den kristne tro, n\u00e5den. Men p\u00e5 et onsdagsm\u00f8te h\u00f8sten 1977 p\u00e5 Fredly fikk jeg for f\u00f8rste gang en smak av n\u00e5den. Det var s\u00e5 radikalt for meg at jeg sprang bort til telefonkiosken og ringte hjem til min mor og fortalte det. Den kvelden ble et gjennombrudd og en start p\u00e5 en prosess fra \u00e5 tenke at tro handler om fortjeneste til \u00e5 tenke at tro er en gave gitt av n\u00e5de.<\/p>\n<p>Uten sammenligning for \u00f8vrig fikk ogs\u00e5 Paulus gripe n\u00e5den da han var p\u00e5 vei til Damaskus for \u00e5 ta knekken p\u00e5 de kristne der.<\/p>\n<p>P\u00e5 veien f\u00e5r han et radikalt m\u00f8te med Jesus og hans n\u00e5de. Dette m\u00f8tet og hans vandring med Jesus ser vi preger hans liv og tjeneste tvers gjennom. Takket v\u00e6re hans brev s\u00e5 har ogs\u00e5 vi f\u00e5tt del i det.<\/p>\n<p>Et av de stedene er Efeserbrevet 2,8-10:<\/p>\n<p><em>\u00abFor av n\u00e5de er dere frelst, ved tro. Det er ikke deres eget verk, men Guds gave.\u00a0 <sup>9<\/sup> Det hviler ikke p\u00e5 gjerninger, for at ingen skal skryte av seg selv. <sup>10 <\/sup>For vi er hans verk, skapt i Kristus Jesus til gode gjerninger, som Gud p\u00e5 forh\u00e5nd har lagt ferdige for at vi skulle vandre i dem.\u00bb<\/em><\/p>\n<p>For Paulus var dette en dyrekj\u00f8pt erfaring han delte med sine venner i Efesos.<\/p>\n<p>Etter onsdagsm\u00f8tet en m\u00f8rk h\u00f8stkveld p\u00e5 Fredly har jeg stadig trengt \u00e5 bli minnet om at troen har sitt utgangspunkt og endepunkt i n\u00e5den. Fortsatt s\u00e5 kan tanken om at tro handler om fortjeneste snike seg inn i mitt tankesett.<\/p>\n<p>Jeg tror det er n\u00e6rliggende for oss mennesker \u00e5 tenke slik. N\u00e5den er s\u00e5 radikal og annerledes enn det vi finner ellers i et liv full av prestasjon og fortjeneste. Det fortelles at en gang ble det diskutert p\u00e5 l\u00e6rerrommet p\u00e5 universitet i Oxford i Engeland forskjellen p\u00e5 kristen tro og andre religioner. Under diskusjonen kommer C.S Lewis g\u00e5ende forbi og roper ut,: \u00abN\u00e5den!\u00bb N\u00e5den er den kristne tros varemerke.<\/p>\n<p>N\u00e5 i v\u00e5r har jeg tatt farvel med to gode venner. En fellesnevner for dem begge var at de begge bekjente i m\u00f8te med d\u00f8den at troen holder. For meg ble det et sterkt vitnesbyrd om at n\u00e5den er noe vi b\u00e5de kan leve og d\u00f8 p\u00e5. N\u00e5den holder i liv og i d\u00f8d, fordi den er knyttet til den korsfestede og oppstandne Jesus Kristus.<\/p><\/div><\/div><div id=\"module-2\" class=\"hogan-module hogan-module-image hogan-module-2 hogan-image-size-large\"><div class=\"hogan-module-inner\"><figure class=\"wp-caption size-large\"><img loading=\"lazy\" decoding=\"async\" width=\"460\" height=\"270\" src=\"https:\/\/www.normisjon.no\/content\/uploads\/sites\/21\/2019\/02\/janneven.jpg\" class=\"attachment-large size-large\" alt=\"\" srcset=\"https:\/\/www.normisjon.no\/content\/uploads\/sites\/21\/2019\/02\/janneven.jpg 460w, https:\/\/www.normisjon.no\/content\/uploads\/sites\/21\/2019\/02\/janneven-300x176.jpg 300w\" sizes=\"auto, (max-width: 460px) 100vw, 460px\" \/><figcaption class=\"hogan-caption wp-caption-text\">Jann Even Andresen er pastor i Salem menighet i Trondheim.\n<\/figcaption><\/figure><\/div><\/div>","protected":false},"excerpt":{"rendered":"<p>N\u00e5den\u00abN\u00e5den holder i liv og i d\u00f8d, fordi den er knyttet til den korsfestede og oppstandne Jesus Kristus\u00bb. Andakt av Jann Even Andresen (publisert i [&hellip;]<\/p>\n","protected":false},"author":33,"featured_media":491,"parent":0,"menu_order":0,"comment_status":"closed","ping_status":"closed","template":"","meta":{"_acf_changed":false,"footnotes":""},"class_list":["post-489","page","type-page","status-publish","has-post-thumbnail","hentry"],"acf":[],"yoast_head":"<!-- This site is optimized with the Yoast SEO plugin v25.9 - https:\/\/yoast.com\/wordpress\/plugins\/seo\/ -->\n<title>N\u00e5den - Normisjon Region Tr\u00f8ndelag<\/title>\n<meta name=\"robots\" content=\"index, follow, max-snippet:-1, max-image-preview:large, max-video-preview:-1\" \/>\n<link rel=\"canonical\" href=\"https:\/\/www.normisjon.no\/trondelag\/naden\/\" \/>\n<meta property=\"og:locale\" content=\"nb_NO\" \/>\n<meta property=\"og:type\" content=\"article\" \/>\n<meta property=\"og:title\" content=\"N\u00e5den - Normisjon Region Tr\u00f8ndelag\" \/>\n<meta property=\"og:description\" content=\"N\u00e5den\u00abN\u00e5den holder i liv og i d\u00f8d, fordi den er knyttet til den korsfestede og oppstandne Jesus Kristus\u00bb. Andakt av Jann Even Andresen (publisert i [&hellip;]\" \/>\n<meta property=\"og:url\" content=\"https:\/\/www.normisjon.no\/trondelag\/naden\/\" \/>\n<meta property=\"og:site_name\" content=\"Normisjon Region Tr\u00f8ndelag\" \/>\n<meta property=\"article:publisher\" content=\"https:\/\/www.facebook.com\/NormisjonTrondelag\" \/>\n<meta property=\"article:modified_time\" content=\"2019-08-01T14:12:37+00:00\" \/>\n<meta property=\"og:image\" content=\"https:\/\/www.normisjon.no\/content\/uploads\/sites\/21\/2019\/08\/n\u00e5den.jpg\" \/>\n\t<meta property=\"og:image:width\" content=\"1920\" \/>\n\t<meta property=\"og:image:height\" content=\"503\" \/>\n\t<meta property=\"og:image:type\" content=\"image\/jpeg\" \/>\n<meta name=\"twitter:card\" content=\"summary_large_image\" \/>\n<script type=\"application\/ld+json\" class=\"yoast-schema-graph\">{\"@context\":\"https:\/\/schema.org\",\"@graph\":[{\"@type\":\"WebPage\",\"@id\":\"https:\/\/www.normisjon.no\/trondelag\/naden\/\",\"url\":\"https:\/\/www.normisjon.no\/trondelag\/naden\/\",\"name\":\"N\u00e5den - Normisjon Region Tr\u00f8ndelag\",\"isPartOf\":{\"@id\":\"https:\/\/www.normisjon.no\/trondelag\/#website\"},\"primaryImageOfPage\":{\"@id\":\"https:\/\/www.normisjon.no\/trondelag\/naden\/#primaryimage\"},\"image\":{\"@id\":\"https:\/\/www.normisjon.no\/trondelag\/naden\/#primaryimage\"},\"thumbnailUrl\":\"https:\/\/www.normisjon.no\/content\/uploads\/sites\/21\/2019\/08\/n\u00e5den.jpg\",\"datePublished\":\"2019-08-01T13:50:42+00:00\",\"dateModified\":\"2019-08-01T14:12:37+00:00\",\"breadcrumb\":{\"@id\":\"https:\/\/www.normisjon.no\/trondelag\/naden\/#breadcrumb\"},\"inLanguage\":\"nb-NO\",\"potentialAction\":[{\"@type\":\"ReadAction\",\"target\":[\"https:\/\/www.normisjon.no\/trondelag\/naden\/\"]}]},{\"@type\":\"ImageObject\",\"inLanguage\":\"nb-NO\",\"@id\":\"https:\/\/www.normisjon.no\/trondelag\/naden\/#primaryimage\",\"url\":\"https:\/\/www.normisjon.no\/content\/uploads\/sites\/21\/2019\/08\/n\u00e5den.jpg\",\"contentUrl\":\"https:\/\/www.normisjon.no\/content\/uploads\/sites\/21\/2019\/08\/n\u00e5den.jpg\",\"width\":1920,\"height\":503},{\"@type\":\"BreadcrumbList\",\"@id\":\"https:\/\/www.normisjon.no\/trondelag\/naden\/#breadcrumb\",\"itemListElement\":[{\"@type\":\"ListItem\",\"position\":1,\"name\":\"Home\",\"item\":\"https:\/\/www.normisjon.no\/trondelag\/\"},{\"@type\":\"ListItem\",\"position\":2,\"name\":\"N\u00e5den\"}]},{\"@type\":\"WebSite\",\"@id\":\"https:\/\/www.normisjon.no\/trondelag\/#website\",\"url\":\"https:\/\/www.normisjon.no\/trondelag\/\",\"name\":\"Normisjon Region Tr\u00f8ndelag\",\"description\":\"Jesus Kristus til nye generasjoner og folkeslag\",\"publisher\":{\"@id\":\"https:\/\/www.normisjon.no\/trondelag\/#organization\"},\"potentialAction\":[{\"@type\":\"SearchAction\",\"target\":{\"@type\":\"EntryPoint\",\"urlTemplate\":\"https:\/\/www.normisjon.no\/trondelag\/?s={search_term_string}\"},\"query-input\":{\"@type\":\"PropertyValueSpecification\",\"valueRequired\":true,\"valueName\":\"search_term_string\"}}],\"inLanguage\":\"nb-NO\"},{\"@type\":\"Organization\",\"@id\":\"https:\/\/www.normisjon.no\/trondelag\/#organization\",\"name\":\"Normisjon Region Tr\u00f8ndelag\",\"url\":\"https:\/\/www.normisjon.no\/trondelag\/\",\"logo\":{\"@type\":\"ImageObject\",\"inLanguage\":\"nb-NO\",\"@id\":\"https:\/\/www.normisjon.no\/trondelag\/#\/schema\/logo\/image\/\",\"url\":\"https:\/\/www.normisjon.no\/content\/uploads\/sites\/21\/2018\/10\/logo_Normisjon_svart_600.jpg\",\"contentUrl\":\"https:\/\/www.normisjon.no\/content\/uploads\/sites\/21\/2018\/10\/logo_Normisjon_svart_600.jpg\",\"width\":600,\"height\":173,\"caption\":\"Normisjon Region Tr\u00f8ndelag\"},\"image\":{\"@id\":\"https:\/\/www.normisjon.no\/trondelag\/#\/schema\/logo\/image\/\"},\"sameAs\":[\"https:\/\/www.facebook.com\/NormisjonTrondelag\"]}]}<\/script>\n<!-- \/ Yoast SEO plugin. -->","yoast_head_json":{"title":"N\u00e5den - Normisjon Region Tr\u00f8ndelag","robots":{"index":"index","follow":"follow","max-snippet":"max-snippet:-1","max-image-preview":"max-image-preview:large","max-video-preview":"max-video-preview:-1"},"canonical":"https:\/\/www.normisjon.no\/trondelag\/naden\/","og_locale":"nb_NO","og_type":"article","og_title":"N\u00e5den - Normisjon Region Tr\u00f8ndelag","og_description":"N\u00e5den\u00abN\u00e5den holder i liv og i d\u00f8d, fordi den er knyttet til den korsfestede og oppstandne Jesus Kristus\u00bb. Andakt av Jann Even Andresen (publisert i [&hellip;]","og_url":"https:\/\/www.normisjon.no\/trondelag\/naden\/","og_site_name":"Normisjon Region Tr\u00f8ndelag","article_publisher":"https:\/\/www.facebook.com\/NormisjonTrondelag","article_modified_time":"2019-08-01T14:12:37+00:00","og_image":[{"width":1920,"height":503,"url":"https:\/\/www.normisjon.no\/content\/uploads\/sites\/21\/2019\/08\/n\u00e5den.jpg","type":"image\/jpeg"}],"twitter_card":"summary_large_image","schema":{"@context":"https:\/\/schema.org","@graph":[{"@type":"WebPage","@id":"https:\/\/www.normisjon.no\/trondelag\/naden\/","url":"https:\/\/www.normisjon.no\/trondelag\/naden\/","name":"N\u00e5den - Normisjon Region Tr\u00f8ndelag","isPartOf":{"@id":"https:\/\/www.normisjon.no\/trondelag\/#website"},"primaryImageOfPage":{"@id":"https:\/\/www.normisjon.no\/trondelag\/naden\/#primaryimage"},"image":{"@id":"https:\/\/www.normisjon.no\/trondelag\/naden\/#primaryimage"},"thumbnailUrl":"https:\/\/www.normisjon.no\/content\/uploads\/sites\/21\/2019\/08\/n\u00e5den.jpg","datePublished":"2019-08-01T13:50:42+00:00","dateModified":"2019-08-01T14:12:37+00:00","breadcrumb":{"@id":"https:\/\/www.normisjon.no\/trondelag\/naden\/#breadcrumb"},"inLanguage":"nb-NO","potentialAction":[{"@type":"ReadAction","target":["https:\/\/www.normisjon.no\/trondelag\/naden\/"]}]},{"@type":"ImageObject","inLanguage":"nb-NO","@id":"https:\/\/www.normisjon.no\/trondelag\/naden\/#primaryimage","url":"https:\/\/www.normisjon.no\/content\/uploads\/sites\/21\/2019\/08\/n\u00e5den.jpg","contentUrl":"https:\/\/www.normisjon.no\/content\/uploads\/sites\/21\/2019\/08\/n\u00e5den.jpg","width":1920,"height":503},{"@type":"BreadcrumbList","@id":"https:\/\/www.normisjon.no\/trondelag\/naden\/#breadcrumb","itemListElement":[{"@type":"ListItem","position":1,"name":"Home","item":"https:\/\/www.normisjon.no\/trondelag\/"},{"@type":"ListItem","position":2,"name":"N\u00e5den"}]},{"@type":"WebSite","@id":"https:\/\/www.normisjon.no\/trondelag\/#website","url":"https:\/\/www.normisjon.no\/trondelag\/","name":"Normisjon Region Tr\u00f8ndelag","description":"Jesus Kristus til nye generasjoner og folkeslag","publisher":{"@id":"https:\/\/www.normisjon.no\/trondelag\/#organization"},"potentialAction":[{"@type":"SearchAction","target":{"@type":"EntryPoint","urlTemplate":"https:\/\/www.normisjon.no\/trondelag\/?s={search_term_string}"},"query-input":{"@type":"PropertyValueSpecification","valueRequired":true,"valueName":"search_term_string"}}],"inLanguage":"nb-NO"},{"@type":"Organization","@id":"https:\/\/www.normisjon.no\/trondelag\/#organization","name":"Normisjon Region Tr\u00f8ndelag","url":"https:\/\/www.normisjon.no\/trondelag\/","logo":{"@type":"ImageObject","inLanguage":"nb-NO","@id":"https:\/\/www.normisjon.no\/trondelag\/#\/schema\/logo\/image\/","url":"https:\/\/www.normisjon.no\/content\/uploads\/sites\/21\/2018\/10\/logo_Normisjon_svart_600.jpg","contentUrl":"https:\/\/www.normisjon.no\/content\/uploads\/sites\/21\/2018\/10\/logo_Normisjon_svart_600.jpg","width":600,"height":173,"caption":"Normisjon Region Tr\u00f8ndelag"},"image":{"@id":"https:\/\/www.normisjon.no\/trondelag\/#\/schema\/logo\/image\/"},"sameAs":["https:\/\/www.facebook.com\/NormisjonTrondelag"]}]}},"_links":{"self":[{"href":"https:\/\/www.normisjon.no\/trondelag\/wp-json\/wp\/v2\/pages\/489","targetHints":{"allow":["GET"]}}],"collection":[{"href":"https:\/\/www.normisjon.no\/trondelag\/wp-json\/wp\/v2\/pages"}],"about":[{"href":"https:\/\/www.normisjon.no\/trondelag\/wp-json\/wp\/v2\/types\/page"}],"author":[{"embeddable":true,"href":"https:\/\/www.normisjon.no\/trondelag\/wp-json\/wp\/v2\/users\/33"}],"replies":[{"embeddable":true,"href":"https:\/\/www.normisjon.no\/trondelag\/wp-json\/wp\/v2\/comments?post=489"}],"version-history":[{"count":3,"href":"https:\/\/www.normisjon.no\/trondelag\/wp-json\/wp\/v2\/pages\/489\/revisions"}],"predecessor-version":[{"id":498,"href":"https:\/\/www.normisjon.no\/trondelag\/wp-json\/wp\/v2\/pages\/489\/revisions\/498"}],"wp:featuredmedia":[{"embeddable":true,"href":"https:\/\/www.normisjon.no\/trondelag\/wp-json\/wp\/v2\/media\/491"}],"wp:attachment":[{"href":"https:\/\/www.normisjon.no\/trondelag\/wp-json\/wp\/v2\/media?parent=489"}],"curies":[{"name":"wp","href":"https:\/\/api.w.org\/{rel}","templated":true}]}}