{"id":656,"date":"2020-06-15T14:37:34","date_gmt":"2020-06-15T12:37:34","guid":{"rendered":"https:\/\/www.normisjon.no\/trondelag\/?page_id=656"},"modified":"2026-01-16T16:49:15","modified_gmt":"2026-01-16T15:49:15","slug":"onsker-a-leve-enkelt","status":"publish","type":"page","link":"https:\/\/www.normisjon.no\/trondelag\/panorama\/onsker-a-leve-enkelt\/","title":{"rendered":"\u00d8nsker \u00e5 leve enkelt"},"content":{"rendered":"<div id=\"module-0\" class=\"hogan-module hogan-module-banner hogan-module-0 normisjon-banner-button-default hogan-banner-content-left hogan-module-width-full hogan-banner-theme-secondary hogan-banner-layout-columns hogan-banner-text-center\"><div class=\"hogan-module-inner\"><div class=\"hogan-banner\">\n\t<div class=\"hogan-banner-column hogan-banner-image\">\n\t\t<img loading=\"lazy\" decoding=\"async\" width=\"960\" height=\"866\" src=\"https:\/\/www.normisjon.no\/content\/uploads\/sites\/21\/2020\/06\/6-7-Anne-Bergsr\u00f8nning-inne-sittende-960x866.jpg\" class=\"attachment-half-width size-half-width\" alt=\"\" srcset=\"https:\/\/www.normisjon.no\/content\/uploads\/sites\/21\/2020\/06\/6-7-Anne-Bergsr\u00f8nning-inne-sittende-960x866.jpg 960w, https:\/\/www.normisjon.no\/content\/uploads\/sites\/21\/2020\/06\/6-7-Anne-Bergsr\u00f8nning-inne-sittende-300x271.jpg 300w, https:\/\/www.normisjon.no\/content\/uploads\/sites\/21\/2020\/06\/6-7-Anne-Bergsr\u00f8nning-inne-sittende-768x693.jpg 768w, https:\/\/www.normisjon.no\/content\/uploads\/sites\/21\/2020\/06\/6-7-Anne-Bergsr\u00f8nning-inne-sittende-1024x924.jpg 1024w, https:\/\/www.normisjon.no\/content\/uploads\/sites\/21\/2020\/06\/6-7-Anne-Bergsr\u00f8nning-inne-sittende-1920x1733.jpg 1920w, https:\/\/www.normisjon.no\/content\/uploads\/sites\/21\/2020\/06\/6-7-Anne-Bergsr\u00f8nning-inne-sittende-1360x1227.jpg 1360w, https:\/\/www.normisjon.no\/content\/uploads\/sites\/21\/2020\/06\/6-7-Anne-Bergsr\u00f8nning-inne-sittende.jpg 1968w\" sizes=\"auto, (max-width: 960px) 100vw, 960px\" \/>\t<\/div>\n\t\t\t<div class=\"hogan-banner-column hogan-banner-content\">\n\t\t\t<div class=\"hogan-banner-content-inner\">\n\t\t\t\t<p>Anne Bergsr\u00f8nning Eid (34) fra Lundamo er valgkomit\u00e9ens kandidat til \u00e5 bli regionstyreleder i Normisjon Tr\u00f8ndelag. Hun har v\u00e6rt aktiv i Salem og i Acta, og har ogs\u00e5 tidligere sittet i regionstyret. I dette portrettintervjuet forteller hun om en enkel tro p\u00e5 Gud og et \u00f8nske om \u00e5 v\u00e6re en visjon\u00e6r leder.<\/p>\n\t\t\t<\/div>\n\t\t<\/div>\n\t<\/div>\n<\/div><\/div><div id=\"module-1\" class=\"hogan-module hogan-module-text hogan-module-1\"><div class=\"hogan-module-inner\"><p><strong>Hun vil ikke gj\u00f8re ting mer komplisert enn n\u00f8dvendig, sykepleieren som kan bli ny regionstyreleder i Normisjon Tr\u00f8ndelag. \u2013 Jeg har ei enkel tro og et enkelt syn p\u00e5 livet, sier Anne Bergsr\u00f8nning Eid fra Melhus.<\/strong><\/p>\n<p>Av: MAGNE VIK BJ\u00d8RK\u00d8Y (publisert i Panorama nr. 2-2020)<\/p>\n<p>I ei tid hvor mange kirkeledere har en evne til \u00e5 ende opp i komplekse diskusjoner, er det nok for Anne \u00e5 tro at det finnes en levende Gud. Hun understreker at hun ikke \u00f8nsker \u00e5 fronte noen teologisk kamp. Det er ikke derfor hun har sagt ja til \u00e5 stille som kandidat til ledervervet i Normisjon Tr\u00f8ndelag.<\/p>\n<p>&#8211; Normisjon har blitt min organisasjon fordi jeg fant kristentroen her og fordi jeg etter hvert har f\u00e5tt venner og gudstjenestefellesskap her. Jeg liker strukturen, m\u00f8tekulturen og det at organisasjonen har foreninger spredt over hele bygde-Norge. Jeg kunne sikkert funnet meg til rette i en annen kristen sammenheng ogs\u00e5, og har tidligere v\u00e6rt med i Nidaros bisped\u00f8mmer\u00e5d og sittet i Kirkem\u00f8tet. Men n\u00e5 er jeg her. Og n\u00e5 er det naturlig \u00e5 gi tilbake ved \u00e5 stille seg til r\u00e5dighet for regionstyret, sier Anne Bergsr\u00f8nning Eid.<\/p>\n<p><strong>Glad i mennesker<\/strong><\/p>\n<p>Hun har sittet i regionstyret ogs\u00e5 tidligere, som representant for Acta. Hun har ledet Actas styre i Tr\u00f8ndelag, og v\u00e6rt aktiv i leirarbeidet. Ikke minst som leder p\u00e5 barneleiren \u00abNoas Ark\u00bb p\u00e5 \u00d8ya videreg\u00e5ende skole.<\/p>\n<p>Foran \u00e5rsm\u00f8tet i april, er hun valgkomit\u00e9ens eneste lederkandidat. Dersom \u00e5rsm\u00f8tet gir henne tilliten, blir hun den f\u00f8rste kvinnelige regionstyreleder i Normisjon Tr\u00f8ndelag, og med sine 34 \u00e5r den definitivt yngste.<\/p>\n<p>&#8211; Jeg er glad i mennesker og liker \u00e5 snakke med folk om hvordan de har det i livet. Det kommer nok til \u00e5 prege meg i et s\u00e5nn lederrolle ogs\u00e5, sier Bergsr\u00f8nning Eid.<\/p>\n<p>&#8211; Hvordan blir prioriteringene dine?<\/p>\n<p>&#8211;\u00a0 Det viktigste er at Normisjon Tr\u00f8ndelag gjennom alle v\u00e5re aktiviteter kan bidra til at flere f\u00e5r se Jesus, at nye blir kristne. For meg er det naturlig \u00e5 peke p\u00e5 Acta og p\u00e5 leirarbeidet, heldigvis vet jeg at den agendaen er godt ivaretatt og anerkjent allerede. S\u00e5 \u00f8nsker jeg at vi skal v\u00e6re visjon\u00e6re og se mulighetene som ligger i arbeidet v\u00e5rt. Og at vi skal lytte til medlemmer og foreninger i hele regionen. Hva slags behov finnes rundt omkring? Hvordan kan vi som ledere svare p\u00e5 dette? Det er ikke lenge siden det ble gjennomf\u00f8rt en sp\u00f8rreunders\u00f8kelse i Normisjon Tr\u00f8ndelag, jeg tror det fremdeles ligger mye verdifullt materiale her, sier lederkandidaten.<\/p>\n<p><strong>Ble kristen p\u00e5 leir<\/strong><\/p>\n<p>Det er kanskje ikke s\u00e5 rart at Anne Bergsr\u00f8nning Eid peker p\u00e5 leirarbeidet som et hjertebarn. Hun ble selv kristen i en slik sammenheng, da hun som 13-\u00e5ring m\u00f8tte Jesus p\u00e5 leir p\u00e5 Laberget i Skogn.<\/p>\n<p>&#8211; Jeg bestemte meg bare. Og slik ble det. Ingen andre i familien min formulerte en kristen tro, men for meg var det helt ukomplisert. Jeg hadde blitt kristen, og det fortalte jeg b\u00e5de hjemme og p\u00e5 skolen med den st\u00f8rste selvf\u00f8lgelighet. Jeg kan ikke huske at det var et problem for noen.<\/p>\n<p>&#8211; Etter opplevelsen p\u00e5 Laberget, har Gud v\u00e6rt en selvf\u00f8lgelig sannhet for meg. En som deltar og er hundre prosent tilstede i livet mitt. Siden jeg ble kristen, har jeg egentlig aldri tvilt, forteller hun.<\/p>\n<p>Kort tid etter leiropplevelsen og det nye kristne standpunktet, begynte Anne i Normisjons Teninkor og etter hvert i Tenkoret. Det var her hun fant fellesskapet som bevarte troen. Vennene som hun fremdeles har med seg, og som hun m\u00f8ter i ulike sammenhenger.<\/p>\n<p>&#8211; \u00d8vingshelgene i Teninkoret var helt avgj\u00f8rende for meg. Det var her jeg utviklet det jeg hadde oppdaget p\u00e5 LAberget, og jeg takker lederne og vennene her for at de var med p\u00e5 \u00e5 grunnfeste kristentroen min, sier Bergsr\u00f8nning Eid.<\/p>\n<p><strong>Beholdt kontakten med bygda<\/strong><\/p>\n<p>Men hun beholdt ogs\u00e5 kameratene fra skolen og i bygdesamfunnet hjemme p\u00e5 Lundamo. Hun gikk p\u00e5 ungdomsfest p\u00e5 samfunnshuset, og opplevde at det ga henne mange gode samtaler om tro og liv.<\/p>\n<p>&#8211; Mange kristne ungdommer har nok holdt seg unna festlivet, men jeg hadde ikke ville v\u00e6rt det foruten. Vi var sammen i venneflokken, og jeg var ikke noe bedre enn noen andre. Her ble jeg kjent med mange som var ekte interessert i hva jeg trodde p\u00e5. Jeg sitter igjen med gode minner fra et sterkt sosialt nettverk, forteller hun.<\/p>\n<p>Det var ogs\u00e5 i et festlig lag at hun traff Rune fra Korsvegen, som i dag er ektemannen hennes. Hjemme i Sabergsvegen i Melhus har de tre barn sammen; Ida (7), Even (4) og Olav (2). Hun og barna er faste gudstjenestedeltagere hos normisjonsmenigheten MUV p\u00e5 Melhus. Men da blir mannen igjen hjemme.<\/p>\n<p>&#8211;\u00a0 Rune kaller seg ikke kristen. Men han ser definitivt verdien av min tro og at vi andre i familien er en del av en menighet. Jeg har MUV og kristent engasjement som en tydelig prioritering i livet mitt, og vi har funnet en l\u00f8sning som fungerer greit, sier hun.<\/p>\n<p><strong>Holder samlivskurs<\/strong><\/p>\n<p>Samlivstemaet er noe Anne er opptatt av. Hun er en del av den frivillige staben ved Trondheim samtalesenter i Salem, og hun sitter i styret for det samme senteret.<\/p>\n<p>&#8211; Jeg er opptatt av at vi m\u00e5 se hverandre og passe p\u00e5 hverandre. Gi \u00e5ndelig og menneskelig st\u00f8tte til dem som er rundt oss, og v\u00e5ge \u00e5 snakke om det som er utfordrende i livet.<\/p>\n<p>&#8211; Dette m\u00e5 vi aldri slippe av syne i Normisjon. Som mennesker lever vi i et fellesskap, og sammen kan vi utvikle liv og tro, hjelpe hverandre og ogs\u00e5 l\u00e6re mer om Gud, sier Anne Bergsr\u00f8nninng Eid.<\/p><\/div><\/div>","protected":false},"excerpt":{"rendered":"<p>Anne Bergsr\u00f8nning Eid (34) fra Lundamo er valgkomit\u00e9ens kandidat til \u00e5 bli regionstyreleder i Normisjon Tr\u00f8ndelag. Hun har v\u00e6rt aktiv i Salem og i Acta, [&hellip;]<\/p>\n","protected":false},"author":33,"featured_media":654,"parent":91,"menu_order":0,"comment_status":"closed","ping_status":"closed","template":"","meta":{"_acf_changed":false,"footnotes":""},"class_list":["post-656","page","type-page","status-publish","has-post-thumbnail","hentry"],"acf":[],"yoast_head":"<!-- This site is optimized with the Yoast SEO plugin v25.9 - https:\/\/yoast.com\/wordpress\/plugins\/seo\/ -->\n<title>\u00d8nsker \u00e5 leve enkelt - Normisjon Region Tr\u00f8ndelag<\/title>\n<meta name=\"robots\" content=\"index, follow, max-snippet:-1, max-image-preview:large, max-video-preview:-1\" \/>\n<link rel=\"canonical\" href=\"https:\/\/www.normisjon.no\/trondelag\/panorama\/onsker-a-leve-enkelt\/\" \/>\n<meta property=\"og:locale\" content=\"nb_NO\" \/>\n<meta property=\"og:type\" content=\"article\" \/>\n<meta property=\"og:title\" content=\"\u00d8nsker \u00e5 leve enkelt - Normisjon Region Tr\u00f8ndelag\" \/>\n<meta property=\"og:description\" content=\"Anne Bergsr\u00f8nning Eid (34) fra Lundamo er valgkomit\u00e9ens kandidat til \u00e5 bli regionstyreleder i Normisjon Tr\u00f8ndelag. Hun har v\u00e6rt aktiv i Salem og i Acta, [&hellip;]\" \/>\n<meta property=\"og:url\" content=\"https:\/\/www.normisjon.no\/trondelag\/panorama\/onsker-a-leve-enkelt\/\" \/>\n<meta property=\"og:site_name\" content=\"Normisjon Region Tr\u00f8ndelag\" \/>\n<meta property=\"article:publisher\" content=\"https:\/\/www.facebook.com\/NormisjonTrondelag\" \/>\n<meta property=\"article:modified_time\" content=\"2026-01-16T15:49:15+00:00\" \/>\n<meta property=\"og:image\" content=\"https:\/\/www.normisjon.no\/content\/uploads\/sites\/21\/2020\/06\/6-7-Anne-Bergsr\u00f8nning-inne-sittende-1024x924.jpg\" \/>\n\t<meta property=\"og:image:width\" content=\"1024\" \/>\n\t<meta property=\"og:image:height\" content=\"924\" \/>\n\t<meta property=\"og:image:type\" content=\"image\/jpeg\" \/>\n<meta name=\"twitter:card\" content=\"summary_large_image\" \/>\n<meta name=\"twitter:label1\" content=\"Ansl. lesetid\" \/>\n\t<meta name=\"twitter:data1\" content=\"1 minutt\" \/>\n<script type=\"application\/ld+json\" class=\"yoast-schema-graph\">{\"@context\":\"https:\/\/schema.org\",\"@graph\":[{\"@type\":\"WebPage\",\"@id\":\"https:\/\/www.normisjon.no\/trondelag\/panorama\/onsker-a-leve-enkelt\/\",\"url\":\"https:\/\/www.normisjon.no\/trondelag\/panorama\/onsker-a-leve-enkelt\/\",\"name\":\"\u00d8nsker \u00e5 leve enkelt - Normisjon Region Tr\u00f8ndelag\",\"isPartOf\":{\"@id\":\"https:\/\/www.normisjon.no\/trondelag\/#website\"},\"primaryImageOfPage\":{\"@id\":\"https:\/\/www.normisjon.no\/trondelag\/panorama\/onsker-a-leve-enkelt\/#primaryimage\"},\"image\":{\"@id\":\"https:\/\/www.normisjon.no\/trondelag\/panorama\/onsker-a-leve-enkelt\/#primaryimage\"},\"thumbnailUrl\":\"https:\/\/www.normisjon.no\/content\/uploads\/sites\/21\/2020\/06\/6-7-Anne-Bergsr\u00f8nning-inne-sittende.jpg\",\"datePublished\":\"2020-06-15T12:37:34+00:00\",\"dateModified\":\"2026-01-16T15:49:15+00:00\",\"breadcrumb\":{\"@id\":\"https:\/\/www.normisjon.no\/trondelag\/panorama\/onsker-a-leve-enkelt\/#breadcrumb\"},\"inLanguage\":\"nb-NO\",\"potentialAction\":[{\"@type\":\"ReadAction\",\"target\":[\"https:\/\/www.normisjon.no\/trondelag\/panorama\/onsker-a-leve-enkelt\/\"]}]},{\"@type\":\"ImageObject\",\"inLanguage\":\"nb-NO\",\"@id\":\"https:\/\/www.normisjon.no\/trondelag\/panorama\/onsker-a-leve-enkelt\/#primaryimage\",\"url\":\"https:\/\/www.normisjon.no\/content\/uploads\/sites\/21\/2020\/06\/6-7-Anne-Bergsr\u00f8nning-inne-sittende.jpg\",\"contentUrl\":\"https:\/\/www.normisjon.no\/content\/uploads\/sites\/21\/2020\/06\/6-7-Anne-Bergsr\u00f8nning-inne-sittende.jpg\",\"width\":1968,\"height\":1776,\"caption\":\"Anne Bergsr\u00f8nning Eid\"},{\"@type\":\"BreadcrumbList\",\"@id\":\"https:\/\/www.normisjon.no\/trondelag\/panorama\/onsker-a-leve-enkelt\/#breadcrumb\",\"itemListElement\":[{\"@type\":\"ListItem\",\"position\":1,\"name\":\"Home\",\"item\":\"https:\/\/www.normisjon.no\/trondelag\/\"},{\"@type\":\"ListItem\",\"position\":2,\"name\":\"Panorama\",\"item\":\"https:\/\/www.normisjon.no\/trondelag\/panorama\/\"},{\"@type\":\"ListItem\",\"position\":3,\"name\":\"\u00d8nsker \u00e5 leve enkelt\"}]},{\"@type\":\"WebSite\",\"@id\":\"https:\/\/www.normisjon.no\/trondelag\/#website\",\"url\":\"https:\/\/www.normisjon.no\/trondelag\/\",\"name\":\"Normisjon Region Tr\u00f8ndelag\",\"description\":\"Jesus Kristus til nye generasjoner og folkeslag\",\"publisher\":{\"@id\":\"https:\/\/www.normisjon.no\/trondelag\/#organization\"},\"potentialAction\":[{\"@type\":\"SearchAction\",\"target\":{\"@type\":\"EntryPoint\",\"urlTemplate\":\"https:\/\/www.normisjon.no\/trondelag\/?s={search_term_string}\"},\"query-input\":{\"@type\":\"PropertyValueSpecification\",\"valueRequired\":true,\"valueName\":\"search_term_string\"}}],\"inLanguage\":\"nb-NO\"},{\"@type\":\"Organization\",\"@id\":\"https:\/\/www.normisjon.no\/trondelag\/#organization\",\"name\":\"Normisjon Region Tr\u00f8ndelag\",\"url\":\"https:\/\/www.normisjon.no\/trondelag\/\",\"logo\":{\"@type\":\"ImageObject\",\"inLanguage\":\"nb-NO\",\"@id\":\"https:\/\/www.normisjon.no\/trondelag\/#\/schema\/logo\/image\/\",\"url\":\"https:\/\/www.normisjon.no\/content\/uploads\/sites\/21\/2018\/10\/logo_Normisjon_svart_600.jpg\",\"contentUrl\":\"https:\/\/www.normisjon.no\/content\/uploads\/sites\/21\/2018\/10\/logo_Normisjon_svart_600.jpg\",\"width\":600,\"height\":173,\"caption\":\"Normisjon Region Tr\u00f8ndelag\"},\"image\":{\"@id\":\"https:\/\/www.normisjon.no\/trondelag\/#\/schema\/logo\/image\/\"},\"sameAs\":[\"https:\/\/www.facebook.com\/NormisjonTrondelag\"]}]}<\/script>\n<!-- \/ Yoast SEO plugin. -->","yoast_head_json":{"title":"\u00d8nsker \u00e5 leve enkelt - Normisjon Region Tr\u00f8ndelag","robots":{"index":"index","follow":"follow","max-snippet":"max-snippet:-1","max-image-preview":"max-image-preview:large","max-video-preview":"max-video-preview:-1"},"canonical":"https:\/\/www.normisjon.no\/trondelag\/panorama\/onsker-a-leve-enkelt\/","og_locale":"nb_NO","og_type":"article","og_title":"\u00d8nsker \u00e5 leve enkelt - Normisjon Region Tr\u00f8ndelag","og_description":"Anne Bergsr\u00f8nning Eid (34) fra Lundamo er valgkomit\u00e9ens kandidat til \u00e5 bli regionstyreleder i Normisjon Tr\u00f8ndelag. Hun har v\u00e6rt aktiv i Salem og i Acta, [&hellip;]","og_url":"https:\/\/www.normisjon.no\/trondelag\/panorama\/onsker-a-leve-enkelt\/","og_site_name":"Normisjon Region Tr\u00f8ndelag","article_publisher":"https:\/\/www.facebook.com\/NormisjonTrondelag","article_modified_time":"2026-01-16T15:49:15+00:00","og_image":[{"width":1024,"height":924,"url":"https:\/\/www.normisjon.no\/content\/uploads\/sites\/21\/2020\/06\/6-7-Anne-Bergsr\u00f8nning-inne-sittende-1024x924.jpg","type":"image\/jpeg"}],"twitter_card":"summary_large_image","twitter_misc":{"Ansl. lesetid":"1 minutt"},"schema":{"@context":"https:\/\/schema.org","@graph":[{"@type":"WebPage","@id":"https:\/\/www.normisjon.no\/trondelag\/panorama\/onsker-a-leve-enkelt\/","url":"https:\/\/www.normisjon.no\/trondelag\/panorama\/onsker-a-leve-enkelt\/","name":"\u00d8nsker \u00e5 leve enkelt - Normisjon Region Tr\u00f8ndelag","isPartOf":{"@id":"https:\/\/www.normisjon.no\/trondelag\/#website"},"primaryImageOfPage":{"@id":"https:\/\/www.normisjon.no\/trondelag\/panorama\/onsker-a-leve-enkelt\/#primaryimage"},"image":{"@id":"https:\/\/www.normisjon.no\/trondelag\/panorama\/onsker-a-leve-enkelt\/#primaryimage"},"thumbnailUrl":"https:\/\/www.normisjon.no\/content\/uploads\/sites\/21\/2020\/06\/6-7-Anne-Bergsr\u00f8nning-inne-sittende.jpg","datePublished":"2020-06-15T12:37:34+00:00","dateModified":"2026-01-16T15:49:15+00:00","breadcrumb":{"@id":"https:\/\/www.normisjon.no\/trondelag\/panorama\/onsker-a-leve-enkelt\/#breadcrumb"},"inLanguage":"nb-NO","potentialAction":[{"@type":"ReadAction","target":["https:\/\/www.normisjon.no\/trondelag\/panorama\/onsker-a-leve-enkelt\/"]}]},{"@type":"ImageObject","inLanguage":"nb-NO","@id":"https:\/\/www.normisjon.no\/trondelag\/panorama\/onsker-a-leve-enkelt\/#primaryimage","url":"https:\/\/www.normisjon.no\/content\/uploads\/sites\/21\/2020\/06\/6-7-Anne-Bergsr\u00f8nning-inne-sittende.jpg","contentUrl":"https:\/\/www.normisjon.no\/content\/uploads\/sites\/21\/2020\/06\/6-7-Anne-Bergsr\u00f8nning-inne-sittende.jpg","width":1968,"height":1776,"caption":"Anne Bergsr\u00f8nning Eid"},{"@type":"BreadcrumbList","@id":"https:\/\/www.normisjon.no\/trondelag\/panorama\/onsker-a-leve-enkelt\/#breadcrumb","itemListElement":[{"@type":"ListItem","position":1,"name":"Home","item":"https:\/\/www.normisjon.no\/trondelag\/"},{"@type":"ListItem","position":2,"name":"Panorama","item":"https:\/\/www.normisjon.no\/trondelag\/panorama\/"},{"@type":"ListItem","position":3,"name":"\u00d8nsker \u00e5 leve enkelt"}]},{"@type":"WebSite","@id":"https:\/\/www.normisjon.no\/trondelag\/#website","url":"https:\/\/www.normisjon.no\/trondelag\/","name":"Normisjon Region Tr\u00f8ndelag","description":"Jesus Kristus til nye generasjoner og folkeslag","publisher":{"@id":"https:\/\/www.normisjon.no\/trondelag\/#organization"},"potentialAction":[{"@type":"SearchAction","target":{"@type":"EntryPoint","urlTemplate":"https:\/\/www.normisjon.no\/trondelag\/?s={search_term_string}"},"query-input":{"@type":"PropertyValueSpecification","valueRequired":true,"valueName":"search_term_string"}}],"inLanguage":"nb-NO"},{"@type":"Organization","@id":"https:\/\/www.normisjon.no\/trondelag\/#organization","name":"Normisjon Region Tr\u00f8ndelag","url":"https:\/\/www.normisjon.no\/trondelag\/","logo":{"@type":"ImageObject","inLanguage":"nb-NO","@id":"https:\/\/www.normisjon.no\/trondelag\/#\/schema\/logo\/image\/","url":"https:\/\/www.normisjon.no\/content\/uploads\/sites\/21\/2018\/10\/logo_Normisjon_svart_600.jpg","contentUrl":"https:\/\/www.normisjon.no\/content\/uploads\/sites\/21\/2018\/10\/logo_Normisjon_svart_600.jpg","width":600,"height":173,"caption":"Normisjon Region Tr\u00f8ndelag"},"image":{"@id":"https:\/\/www.normisjon.no\/trondelag\/#\/schema\/logo\/image\/"},"sameAs":["https:\/\/www.facebook.com\/NormisjonTrondelag"]}]}},"_links":{"self":[{"href":"https:\/\/www.normisjon.no\/trondelag\/wp-json\/wp\/v2\/pages\/656","targetHints":{"allow":["GET"]}}],"collection":[{"href":"https:\/\/www.normisjon.no\/trondelag\/wp-json\/wp\/v2\/pages"}],"about":[{"href":"https:\/\/www.normisjon.no\/trondelag\/wp-json\/wp\/v2\/types\/page"}],"author":[{"embeddable":true,"href":"https:\/\/www.normisjon.no\/trondelag\/wp-json\/wp\/v2\/users\/33"}],"replies":[{"embeddable":true,"href":"https:\/\/www.normisjon.no\/trondelag\/wp-json\/wp\/v2\/comments?post=656"}],"version-history":[{"count":4,"href":"https:\/\/www.normisjon.no\/trondelag\/wp-json\/wp\/v2\/pages\/656\/revisions"}],"predecessor-version":[{"id":1944,"href":"https:\/\/www.normisjon.no\/trondelag\/wp-json\/wp\/v2\/pages\/656\/revisions\/1944"}],"up":[{"embeddable":true,"href":"https:\/\/www.normisjon.no\/trondelag\/wp-json\/wp\/v2\/pages\/91"}],"wp:featuredmedia":[{"embeddable":true,"href":"https:\/\/www.normisjon.no\/trondelag\/wp-json\/wp\/v2\/media\/654"}],"wp:attachment":[{"href":"https:\/\/www.normisjon.no\/trondelag\/wp-json\/wp\/v2\/media?parent=656"}],"curies":[{"name":"wp","href":"https:\/\/api.w.org\/{rel}","templated":true}]}}