{"id":91,"date":"2018-06-22T15:54:00","date_gmt":"2018-06-22T13:54:00","guid":{"rendered":"https:\/\/www.normisjon.no\/trondelag\/?page_id=91"},"modified":"2026-04-15T08:46:37","modified_gmt":"2026-04-15T06:46:37","slug":"panorama","status":"publish","type":"page","link":"https:\/\/www.normisjon.no\/trondelag\/panorama\/","title":{"rendered":"Panorama"},"content":{"rendered":"<div id=\"module-0\" class=\"hogan-module hogan-module-banner hogan-module-0 normisjon-banner-button-default hogan-banner-content-left hogan-module-width-full hogan-banner-theme-secondary hogan-banner-layout-columns hogan-banner-text-center\"><div class=\"hogan-module-inner\"><div class=\"hogan-banner\">\n\t<div class=\"hogan-banner-column hogan-banner-image\">\n\t\t<img loading=\"lazy\" decoding=\"async\" width=\"582\" height=\"651\" src=\"https:\/\/www.normisjon.no\/content\/uploads\/sites\/21\/2023\/03\/Skjermbilde-2023-03-29-kl.-13.47.34.png\" class=\"attachment-half-width size-half-width\" alt=\"\" srcset=\"https:\/\/www.normisjon.no\/content\/uploads\/sites\/21\/2023\/03\/Skjermbilde-2023-03-29-kl.-13.47.34.png 582w, https:\/\/www.normisjon.no\/content\/uploads\/sites\/21\/2023\/03\/Skjermbilde-2023-03-29-kl.-13.47.34-268x300.png 268w\" sizes=\"auto, (max-width: 582px) 100vw, 582px\" \/>\t<\/div>\n\t\t\t<div class=\"hogan-banner-column hogan-banner-content\">\n\t\t\t<div class=\"hogan-banner-content-inner\">\n\t\t\t\t<p>Panorama er Normisjon Tr\u00f8ndelag sin regionavis, som holder deg oppdatert p\u00e5 det som skjer innenfor Normisjons og Actas arbeid i Tr\u00f8ndelag og Nord-\u00d8sterdalen. P\u00e5 denne siden kan du lese utdrag og utvalgte artikler fra Panorama. <\/p>\n\t\t\t<\/div>\n\t\t<\/div>\n\t<\/div>\n<\/div><\/div><div id=\"module-1\" class=\"hogan-module hogan-module-text hogan-module-1\"><div class=\"hogan-module-inner\"><p>&nbsp;<\/p>\n<h3><strong>Om Panorama<\/strong><\/h3>\n<p>Panorama kommer med 4 utgaver hvert \u00e5r. Redakt\u00f8r for avisen er Kine Vik Ravndal (epost: <a href=\"mailto:kine.vik.ravndal@normisjon.no\">kine.vik.ravndal@normisjon.no<\/a> &#8211; tlf. 97573661).<\/p>\n<h4><strong>Utgivelsesplan 2026<\/strong><\/h4>\n<p>Nr. 1 &#8211; stoffrist 13. februar<\/p>\n<p>Nr. 2 &#8211; stoffrist 8. mai<\/p>\n<p>Nr. 3 &#8211; stoffrist 1. september<\/p>\n<p>Nr. 4 &#8211; stoffrist 16. november<\/p>\n<p><em>Vi vil gjerne ha ideer til stoff, og h\u00f8re hva som skjer der du er! Har det skjedd noe i ditt felleskap, p\u00e5 din skole eller n\u00e6rmilj\u00f8 som er interesant for misjonsfolket i Tr\u00f8ndelag \u00e5 f\u00e5 med seg?<\/em><\/p>\n<p>Ta kontakt med : <a href=\"mailto:emma@norkirkentrondheim.no\">emma@norkirkentrondheim.no<\/a><\/p>\n<p>&nbsp;<\/p><\/div><\/div><div id=\"module-2\" class=\"hogan-module hogan-module-grid hogan-module-2 hogan-grid-has-theme hogan-grid-theme-tertiary\"><div class=\"hogan-module-inner\"><h2 class=\"hogan-heading\">Panorama-stoff p\u00e5 nett<\/h2><div class=\"hogan-grid hogan-grid-text-center hogan-grid-size-dynamic\">\n\t<div class=\"hogan-grid-inner\">\n\t\t\t\t\t<div class=\"hogan-grid-item hogan-grid-item-size-small hogan-grid-item-type-page savage-has-image savage-has-heading savage-has-excerpt\">\n\t\t\t\t<div class=\"hogan-grid-item-inner\">\n\t\t\t\t\t<div class=\"savage-card-image\">\n\t<div class=\"savage-card-image-inner\">\n\t\t<span class=\"savage-card-image-image\" style=\"background-image: url(https:\/\/www.normisjon.no\/content\/uploads\/sites\/21\/2026\/01\/IMG_3289-scaled-e1768209882628-768x444.jpeg);\"><\/span>\t<\/div>\n<\/div>\n\t\t<div class=\"savage-card-body\">\n\t\t\t<div class=\"savage-card-body-inner\">\n\t\t\t\t<h2 class=\"savage-card-heading\">Et sted hvor dr\u00f8mmer f\u00e5r liv<\/h2><p class=\"savage-card-excerpt\">Klekkeriet er et samlingspunkt for mennesker som \u00f8nsker \u00e5 sette ord p\u00e5 dr\u00f8mmer, dele visjoner og finne veien videre. N\u00e5r man f\u00e5r hjelp til \u00e5 uttrykke det \r\nman lengter etter, kan det ogs\u00e5 vokse frem noe nytt.<\/p>\t\t\t<\/div>\n\t\t<\/div>\n\t\t<a href=\"https:\/\/www.normisjon.no\/trondelag\/panorama\/2025-03-klekkeriet\/\" class=\"savage-card-link\"><span class=\"screen-reader-text\">Read article &quot;Et sted hvor dr\u00f8mmer f\u00e5r liv&quot;<\/span><\/a>\t\t\t\t<\/div>\n\t\t\t<\/div>\n\t\t\t\t\t\t<div class=\"hogan-grid-item hogan-grid-item-size-small hogan-grid-item-type-page savage-has-image savage-has-heading savage-has-excerpt\">\n\t\t\t\t<div class=\"hogan-grid-item-inner\">\n\t\t\t\t\t<div class=\"savage-card-image\">\n\t<div class=\"savage-card-image-inner\">\n\t\t<span class=\"savage-card-image-image\" style=\"background-image: url(https:\/\/www.normisjon.no\/content\/uploads\/sites\/21\/2025\/11\/Kine-Utoy-bedehus-1-scaled-e1764151230825-768x599.jpg);\"><\/span>\t<\/div>\n<\/div>\n\t\t<div class=\"savage-card-body\">\n\t\t\t<div class=\"savage-card-body-inner\">\n\t\t\t\t<h2 class=\"savage-card-heading\">I brann for regionen<\/h2><p class=\"savage-card-excerpt\">Jeg \u00f8nsker \u00e5 spille p\u00e5 lag med deg og ditt fellesskap, og h\u00e5per at vi i Normisjon Tr\u00f8ndelag, kan tenne flere flammer og bidra til at hverandres flammer holdes tent over hele fylket. Sammen med Jesus er ingenting umulig.<\/p>\t\t\t<\/div>\n\t\t<\/div>\n\t\t<a href=\"https:\/\/www.normisjon.no\/trondelag\/panorama\/2025-03-leder\/\" class=\"savage-card-link\"><span class=\"screen-reader-text\">Read article &quot;I brann for regionen&quot;<\/span><\/a>\t\t\t\t<\/div>\n\t\t\t<\/div>\n\t\t\t\t\t\t<div class=\"hogan-grid-item hogan-grid-item-size-small hogan-grid-item-type-page savage-has-image savage-has-heading savage-has-excerpt\">\n\t\t\t\t<div class=\"hogan-grid-item-inner\">\n\t\t\t\t\t<div class=\"savage-card-image\">\n\t<div class=\"savage-card-image-inner\">\n\t\t<span class=\"savage-card-image-image\" style=\"background-image: url(https:\/\/www.normisjon.no\/content\/uploads\/sites\/21\/2020\/06\/6-7-Anne-Bergsr\u00f8nning-inne-sittende-768x693.jpg);\"><\/span>\t<\/div>\n<\/div>\n\t\t<div class=\"savage-card-body\">\n\t\t\t<div class=\"savage-card-body-inner\">\n\t\t\t\t<h2 class=\"savage-card-heading\">\u00d8nsker \u00e5 leve enkelt<\/h2><p class=\"savage-card-excerpt\">Hun vil ikke gj\u00f8re ting mer komplisert enn n\u00f8dvendig, sykepleieren som kan bli ny regionstyreleder i Normisjon Tr\u00f8ndelag. \u2013 Jeg har ei enkel tro og et enkelt syn p\u00e5 livet, sier Anne Bergsr\u00f8nning Eid fra Melhus.<\/p>\t\t\t<\/div>\n\t\t<\/div>\n\t\t<a href=\"https:\/\/www.normisjon.no\/trondelag\/panorama\/onsker-a-leve-enkelt\/\" class=\"savage-card-link\"><span class=\"screen-reader-text\">Read article &quot;\u00d8nsker \u00e5 leve enkelt&quot;<\/span><\/a>\t\t\t\t<\/div>\n\t\t\t<\/div>\n\t\t\t\t\t\t<div class=\"hogan-grid-item hogan-grid-item-size-small hogan-grid-item-type-page savage-has-image savage-has-heading savage-has-excerpt\">\n\t\t\t\t<div class=\"hogan-grid-item-inner\">\n\t\t\t\t\t<div class=\"savage-card-image\">\n\t<div class=\"savage-card-image-inner\">\n\t\t<span class=\"savage-card-image-image\" style=\"background-image: url(https:\/\/www.normisjon.no\/content\/uploads\/sites\/21\/2019\/08\/8-9-Anne-Gitte-foran-bussen-768x512.jpg);\"><\/span>\t<\/div>\n<\/div>\n\t\t<div class=\"savage-card-body\">\n\t\t\t<div class=\"savage-card-body-inner\">\n\t\t\t\t<h2 class=\"savage-card-heading\">Vil leve ut dr\u00f8mmen i Senegal<\/h2><p class=\"savage-card-excerpt\">Allerede som ung jente kjente hun at misjon\u00e6renes historier fra Afrika ber\u00f8rte henne sterkt. N\u00e5 tar 28 \u00e5r gamle Anne-Gitte Stenhaug fra Trondheim over ansvaret for Normisjons skole og barnehage i Senegal.<\/p>\t\t\t<\/div>\n\t\t<\/div>\n\t\t<a href=\"https:\/\/www.normisjon.no\/trondelag\/panorama\/vil-leve-ut-drommen-i-senegal\/\" class=\"savage-card-link\"><span class=\"screen-reader-text\">Read article &quot;Vil leve ut dr\u00f8mmen i Senegal&quot;<\/span><\/a>\t\t\t\t<\/div>\n\t\t\t<\/div>\n\t\t\t\t\t\t<div class=\"hogan-grid-item hogan-grid-item-size-small hogan-grid-item-type-page savage-has-image savage-has-heading savage-has-excerpt\">\n\t\t\t\t<div class=\"hogan-grid-item-inner\">\n\t\t\t\t\t<div class=\"savage-card-image\">\n\t<div class=\"savage-card-image-inner\">\n\t\t<span class=\"savage-card-image-image\" style=\"background-image: url(https:\/\/www.normisjon.no\/content\/uploads\/sites\/21\/2019\/08\/n\u00e5den-768x201.jpg);\"><\/span>\t<\/div>\n<\/div>\n\t\t<div class=\"savage-card-body\">\n\t\t\t<div class=\"savage-card-body-inner\">\n\t\t\t\t<h2 class=\"savage-card-heading\">N\u00e5den<\/h2><p class=\"savage-card-excerpt\">\u00abN\u00e5den holder i liv og i d\u00f8d, fordi den er knyttet til den korsfestede og oppstandne Jesus Kristus\u00bb. \r\nAndakt av Jann Even Andresen (publisert i Panorama nr. 6-2019).<\/p>\t\t\t<\/div>\n\t\t<\/div>\n\t\t<a href=\"https:\/\/www.normisjon.no\/trondelag\/naden\/\" class=\"savage-card-link\"><span class=\"screen-reader-text\">Read article &quot;N\u00e5den&quot;<\/span><\/a>\t\t\t\t<\/div>\n\t\t\t<\/div>\n\t\t\t\t\t\t<div class=\"hogan-grid-item hogan-grid-item-size-small hogan-grid-item-type-page savage-has-image savage-has-heading savage-has-excerpt\">\n\t\t\t\t<div class=\"hogan-grid-item-inner\">\n\t\t\t\t\t<div class=\"savage-card-image\">\n\t<div class=\"savage-card-image-inner\">\n\t\t<span class=\"savage-card-image-image\" style=\"background-image: url(https:\/\/www.normisjon.no\/content\/uploads\/sites\/21\/2018\/12\/hyrder.jpg);\"><\/span>\t<\/div>\n<\/div>\n\t\t<div class=\"savage-card-body\">\n\t\t\t<div class=\"savage-card-body-inner\">\n\t\t\t\t<h2 class=\"savage-card-heading\">Julens skjulte skatter<\/h2><p class=\"savage-card-excerpt\">Kan hyrdenes forventning til hva de skulle finne i stallen, sammenlignes med et lite barn som gleder seg til jul?\r\nHentet fra Panorama nr. 9-2018<\/p>\t\t\t<\/div>\n\t\t<\/div>\n\t\t<a href=\"https:\/\/www.normisjon.no\/trondelag\/til-inspirasjon\/julens-skjulte-skatter\/\" class=\"savage-card-link\"><span class=\"screen-reader-text\">Read article &quot;Julens skjulte skatter&quot;<\/span><\/a>\t\t\t\t<\/div>\n\t\t\t<\/div>\n\t\t\t\t\t\t<div class=\"hogan-grid-item hogan-grid-item-size-small hogan-grid-item-type-page savage-has-image savage-has-heading savage-has-excerpt\">\n\t\t\t\t<div class=\"hogan-grid-item-inner\">\n\t\t\t\t\t<div class=\"savage-card-image\">\n\t<div class=\"savage-card-image-inner\">\n\t\t<span class=\"savage-card-image-image\" style=\"background-image: url(https:\/\/www.normisjon.no\/content\/uploads\/sites\/21\/2018\/10\/lade-elbil-768x307.jpg);\"><\/span>\t<\/div>\n<\/div>\n\t\t<div class=\"savage-card-body\">\n\t\t\t<div class=\"savage-card-body-inner\">\n\t\t\t\t<h2 class=\"savage-card-heading\">Ladepausen<\/h2><p class=\"savage-card-excerpt\">De siste \u00e5rene har jeg v\u00e6rt sammen med noen bileiere som er veldig opptatt av bilens behov. De tenker og snakker: Trenger den \u00e5 lades n\u00e5? Hvor langt kommer den med str\u00f8mmen den har n\u00e5? Skal jeg legge inn ladepause underveis?\r\nHentet fra Panorama nr. 8-2018<\/p>\t\t\t<\/div>\n\t\t<\/div>\n\t\t<a href=\"https:\/\/www.normisjon.no\/trondelag\/til-inspirasjon\/ladepausen\/\" class=\"savage-card-link\"><span class=\"screen-reader-text\">Read article &quot;Ladepausen&quot;<\/span><\/a>\t\t\t\t<\/div>\n\t\t\t<\/div>\n\t\t\t\t<\/div>\n<\/div>\n<\/div><\/div>","protected":false},"excerpt":{"rendered":"<p>Panorama er Normisjon Tr\u00f8ndelag sin regionavis, som holder deg oppdatert p\u00e5 det som skjer innenfor Normisjons og Actas arbeid i Tr\u00f8ndelag og Nord-\u00d8sterdalen. P\u00e5 denne [&hellip;]<\/p>\n","protected":false},"author":33,"featured_media":1158,"parent":0,"menu_order":0,"comment_status":"closed","ping_status":"closed","template":"","meta":{"_acf_changed":false,"footnotes":""},"class_list":["post-91","page","type-page","status-publish","has-post-thumbnail","hentry"],"acf":[],"yoast_head":"<!-- This site is optimized with the Yoast SEO plugin v25.9 - https:\/\/yoast.com\/wordpress\/plugins\/seo\/ -->\n<title>Panorama - Normisjon Region Tr\u00f8ndelag<\/title>\n<meta name=\"robots\" content=\"index, follow, max-snippet:-1, max-image-preview:large, max-video-preview:-1\" \/>\n<link rel=\"canonical\" href=\"https:\/\/www.normisjon.no\/trondelag\/panorama\/\" \/>\n<meta property=\"og:locale\" content=\"nb_NO\" \/>\n<meta property=\"og:type\" content=\"article\" \/>\n<meta property=\"og:title\" content=\"Panorama - Normisjon Region Tr\u00f8ndelag\" \/>\n<meta property=\"og:description\" content=\"Panorama er Normisjon Tr\u00f8ndelag sin regionavis, som holder deg oppdatert p\u00e5 det som skjer innenfor Normisjons og Actas arbeid i Tr\u00f8ndelag og Nord-\u00d8sterdalen. P\u00e5 denne [&hellip;]\" \/>\n<meta property=\"og:url\" content=\"https:\/\/www.normisjon.no\/trondelag\/panorama\/\" \/>\n<meta property=\"og:site_name\" content=\"Normisjon Region Tr\u00f8ndelag\" \/>\n<meta property=\"article:publisher\" content=\"https:\/\/www.facebook.com\/NormisjonTrondelag\" \/>\n<meta property=\"article:modified_time\" content=\"2026-04-15T06:46:37+00:00\" \/>\n<meta property=\"og:image\" content=\"https:\/\/www.normisjon.no\/content\/uploads\/sites\/21\/2023\/03\/29.03.2023-13_39-Microsoft-Lens.jpg\" \/>\n\t<meta property=\"og:image:width\" content=\"1819\" \/>\n\t<meta property=\"og:image:height\" content=\"2546\" \/>\n\t<meta property=\"og:image:type\" content=\"image\/jpeg\" \/>\n<meta name=\"twitter:card\" content=\"summary_large_image\" \/>\n<meta name=\"twitter:label1\" content=\"Ansl. lesetid\" \/>\n\t<meta name=\"twitter:data1\" content=\"1 minutt\" \/>\n<script type=\"application\/ld+json\" class=\"yoast-schema-graph\">{\"@context\":\"https:\/\/schema.org\",\"@graph\":[{\"@type\":\"WebPage\",\"@id\":\"https:\/\/www.normisjon.no\/trondelag\/panorama\/\",\"url\":\"https:\/\/www.normisjon.no\/trondelag\/panorama\/\",\"name\":\"Panorama - Normisjon Region Tr\u00f8ndelag\",\"isPartOf\":{\"@id\":\"https:\/\/www.normisjon.no\/trondelag\/#website\"},\"primaryImageOfPage\":{\"@id\":\"https:\/\/www.normisjon.no\/trondelag\/panorama\/#primaryimage\"},\"image\":{\"@id\":\"https:\/\/www.normisjon.no\/trondelag\/panorama\/#primaryimage\"},\"thumbnailUrl\":\"https:\/\/www.normisjon.no\/content\/uploads\/sites\/21\/2023\/03\/29.03.2023-13_39-Microsoft-Lens.jpg\",\"datePublished\":\"2018-06-22T13:54:00+00:00\",\"dateModified\":\"2026-04-15T06:46:37+00:00\",\"breadcrumb\":{\"@id\":\"https:\/\/www.normisjon.no\/trondelag\/panorama\/#breadcrumb\"},\"inLanguage\":\"nb-NO\",\"potentialAction\":[{\"@type\":\"ReadAction\",\"target\":[\"https:\/\/www.normisjon.no\/trondelag\/panorama\/\"]}]},{\"@type\":\"ImageObject\",\"inLanguage\":\"nb-NO\",\"@id\":\"https:\/\/www.normisjon.no\/trondelag\/panorama\/#primaryimage\",\"url\":\"https:\/\/www.normisjon.no\/content\/uploads\/sites\/21\/2023\/03\/29.03.2023-13_39-Microsoft-Lens.jpg\",\"contentUrl\":\"https:\/\/www.normisjon.no\/content\/uploads\/sites\/21\/2023\/03\/29.03.2023-13_39-Microsoft-Lens.jpg\",\"width\":1819,\"height\":2546},{\"@type\":\"BreadcrumbList\",\"@id\":\"https:\/\/www.normisjon.no\/trondelag\/panorama\/#breadcrumb\",\"itemListElement\":[{\"@type\":\"ListItem\",\"position\":1,\"name\":\"Home\",\"item\":\"https:\/\/www.normisjon.no\/trondelag\/\"},{\"@type\":\"ListItem\",\"position\":2,\"name\":\"Panorama\"}]},{\"@type\":\"WebSite\",\"@id\":\"https:\/\/www.normisjon.no\/trondelag\/#website\",\"url\":\"https:\/\/www.normisjon.no\/trondelag\/\",\"name\":\"Normisjon Region Tr\u00f8ndelag\",\"description\":\"Jesus Kristus til nye generasjoner og folkeslag\",\"publisher\":{\"@id\":\"https:\/\/www.normisjon.no\/trondelag\/#organization\"},\"potentialAction\":[{\"@type\":\"SearchAction\",\"target\":{\"@type\":\"EntryPoint\",\"urlTemplate\":\"https:\/\/www.normisjon.no\/trondelag\/?s={search_term_string}\"},\"query-input\":{\"@type\":\"PropertyValueSpecification\",\"valueRequired\":true,\"valueName\":\"search_term_string\"}}],\"inLanguage\":\"nb-NO\"},{\"@type\":\"Organization\",\"@id\":\"https:\/\/www.normisjon.no\/trondelag\/#organization\",\"name\":\"Normisjon Region Tr\u00f8ndelag\",\"url\":\"https:\/\/www.normisjon.no\/trondelag\/\",\"logo\":{\"@type\":\"ImageObject\",\"inLanguage\":\"nb-NO\",\"@id\":\"https:\/\/www.normisjon.no\/trondelag\/#\/schema\/logo\/image\/\",\"url\":\"https:\/\/www.normisjon.no\/content\/uploads\/sites\/21\/2018\/10\/logo_Normisjon_svart_600.jpg\",\"contentUrl\":\"https:\/\/www.normisjon.no\/content\/uploads\/sites\/21\/2018\/10\/logo_Normisjon_svart_600.jpg\",\"width\":600,\"height\":173,\"caption\":\"Normisjon Region Tr\u00f8ndelag\"},\"image\":{\"@id\":\"https:\/\/www.normisjon.no\/trondelag\/#\/schema\/logo\/image\/\"},\"sameAs\":[\"https:\/\/www.facebook.com\/NormisjonTrondelag\"]}]}<\/script>\n<!-- \/ Yoast SEO plugin. -->","yoast_head_json":{"title":"Panorama - Normisjon Region Tr\u00f8ndelag","robots":{"index":"index","follow":"follow","max-snippet":"max-snippet:-1","max-image-preview":"max-image-preview:large","max-video-preview":"max-video-preview:-1"},"canonical":"https:\/\/www.normisjon.no\/trondelag\/panorama\/","og_locale":"nb_NO","og_type":"article","og_title":"Panorama - Normisjon Region Tr\u00f8ndelag","og_description":"Panorama er Normisjon Tr\u00f8ndelag sin regionavis, som holder deg oppdatert p\u00e5 det som skjer innenfor Normisjons og Actas arbeid i Tr\u00f8ndelag og Nord-\u00d8sterdalen. P\u00e5 denne [&hellip;]","og_url":"https:\/\/www.normisjon.no\/trondelag\/panorama\/","og_site_name":"Normisjon Region Tr\u00f8ndelag","article_publisher":"https:\/\/www.facebook.com\/NormisjonTrondelag","article_modified_time":"2026-04-15T06:46:37+00:00","og_image":[{"width":1819,"height":2546,"url":"https:\/\/www.normisjon.no\/content\/uploads\/sites\/21\/2023\/03\/29.03.2023-13_39-Microsoft-Lens.jpg","type":"image\/jpeg"}],"twitter_card":"summary_large_image","twitter_misc":{"Ansl. lesetid":"1 minutt"},"schema":{"@context":"https:\/\/schema.org","@graph":[{"@type":"WebPage","@id":"https:\/\/www.normisjon.no\/trondelag\/panorama\/","url":"https:\/\/www.normisjon.no\/trondelag\/panorama\/","name":"Panorama - Normisjon Region Tr\u00f8ndelag","isPartOf":{"@id":"https:\/\/www.normisjon.no\/trondelag\/#website"},"primaryImageOfPage":{"@id":"https:\/\/www.normisjon.no\/trondelag\/panorama\/#primaryimage"},"image":{"@id":"https:\/\/www.normisjon.no\/trondelag\/panorama\/#primaryimage"},"thumbnailUrl":"https:\/\/www.normisjon.no\/content\/uploads\/sites\/21\/2023\/03\/29.03.2023-13_39-Microsoft-Lens.jpg","datePublished":"2018-06-22T13:54:00+00:00","dateModified":"2026-04-15T06:46:37+00:00","breadcrumb":{"@id":"https:\/\/www.normisjon.no\/trondelag\/panorama\/#breadcrumb"},"inLanguage":"nb-NO","potentialAction":[{"@type":"ReadAction","target":["https:\/\/www.normisjon.no\/trondelag\/panorama\/"]}]},{"@type":"ImageObject","inLanguage":"nb-NO","@id":"https:\/\/www.normisjon.no\/trondelag\/panorama\/#primaryimage","url":"https:\/\/www.normisjon.no\/content\/uploads\/sites\/21\/2023\/03\/29.03.2023-13_39-Microsoft-Lens.jpg","contentUrl":"https:\/\/www.normisjon.no\/content\/uploads\/sites\/21\/2023\/03\/29.03.2023-13_39-Microsoft-Lens.jpg","width":1819,"height":2546},{"@type":"BreadcrumbList","@id":"https:\/\/www.normisjon.no\/trondelag\/panorama\/#breadcrumb","itemListElement":[{"@type":"ListItem","position":1,"name":"Home","item":"https:\/\/www.normisjon.no\/trondelag\/"},{"@type":"ListItem","position":2,"name":"Panorama"}]},{"@type":"WebSite","@id":"https:\/\/www.normisjon.no\/trondelag\/#website","url":"https:\/\/www.normisjon.no\/trondelag\/","name":"Normisjon Region Tr\u00f8ndelag","description":"Jesus Kristus til nye generasjoner og folkeslag","publisher":{"@id":"https:\/\/www.normisjon.no\/trondelag\/#organization"},"potentialAction":[{"@type":"SearchAction","target":{"@type":"EntryPoint","urlTemplate":"https:\/\/www.normisjon.no\/trondelag\/?s={search_term_string}"},"query-input":{"@type":"PropertyValueSpecification","valueRequired":true,"valueName":"search_term_string"}}],"inLanguage":"nb-NO"},{"@type":"Organization","@id":"https:\/\/www.normisjon.no\/trondelag\/#organization","name":"Normisjon Region Tr\u00f8ndelag","url":"https:\/\/www.normisjon.no\/trondelag\/","logo":{"@type":"ImageObject","inLanguage":"nb-NO","@id":"https:\/\/www.normisjon.no\/trondelag\/#\/schema\/logo\/image\/","url":"https:\/\/www.normisjon.no\/content\/uploads\/sites\/21\/2018\/10\/logo_Normisjon_svart_600.jpg","contentUrl":"https:\/\/www.normisjon.no\/content\/uploads\/sites\/21\/2018\/10\/logo_Normisjon_svart_600.jpg","width":600,"height":173,"caption":"Normisjon Region Tr\u00f8ndelag"},"image":{"@id":"https:\/\/www.normisjon.no\/trondelag\/#\/schema\/logo\/image\/"},"sameAs":["https:\/\/www.facebook.com\/NormisjonTrondelag"]}]}},"_links":{"self":[{"href":"https:\/\/www.normisjon.no\/trondelag\/wp-json\/wp\/v2\/pages\/91","targetHints":{"allow":["GET"]}}],"collection":[{"href":"https:\/\/www.normisjon.no\/trondelag\/wp-json\/wp\/v2\/pages"}],"about":[{"href":"https:\/\/www.normisjon.no\/trondelag\/wp-json\/wp\/v2\/types\/page"}],"author":[{"embeddable":true,"href":"https:\/\/www.normisjon.no\/trondelag\/wp-json\/wp\/v2\/users\/33"}],"replies":[{"embeddable":true,"href":"https:\/\/www.normisjon.no\/trondelag\/wp-json\/wp\/v2\/comments?post=91"}],"version-history":[{"count":30,"href":"https:\/\/www.normisjon.no\/trondelag\/wp-json\/wp\/v2\/pages\/91\/revisions"}],"predecessor-version":[{"id":1986,"href":"https:\/\/www.normisjon.no\/trondelag\/wp-json\/wp\/v2\/pages\/91\/revisions\/1986"}],"wp:featuredmedia":[{"embeddable":true,"href":"https:\/\/www.normisjon.no\/trondelag\/wp-json\/wp\/v2\/media\/1158"}],"wp:attachment":[{"href":"https:\/\/www.normisjon.no\/trondelag\/wp-json\/wp\/v2\/media?parent=91"}],"curies":[{"name":"wp","href":"https:\/\/api.w.org\/{rel}","templated":true}]}}